{"id":11,"date":"2024-02-19T19:45:15","date_gmt":"2024-02-19T19:45:15","guid":{"rendered":"https:\/\/corece.org.br\/site\/?page_id=11"},"modified":"2026-05-22T10:06:05","modified_gmt":"2026-05-22T13:06:05","slug":"home","status":"publish","type":"page","link":"https:\/\/corece.org.br\/site\/","title":{"rendered":"home"},"content":{"rendered":"\t\t<div data-elementor-type=\"wp-page\" data-elementor-id=\"11\" class=\"elementor elementor-11\" data-elementor-post-type=\"page\">\n\t\t\t\t<div class=\"elementor-element elementor-element-2391fbb e-flex e-con-boxed e-con e-parent\" data-id=\"2391fbb\" data-element_type=\"container\" data-e-type=\"container\">\n\t\t\t\t\t<div class=\"e-con-inner\">\n\t\t\t\t\t<\/div>\n\t\t\t\t<\/div>\n\t\t<div class=\"elementor-element elementor-element-4391683 e-flex e-con-boxed e-con e-parent\" data-id=\"4391683\" data-element_type=\"container\" data-e-type=\"container\">\n\t\t\t\t\t<div class=\"e-con-inner\">\n\t\t\t\t<div class=\"elementor-element elementor-element-4732de5 load-more-align-left elementor-grid-3 elementor-grid-tablet-2 elementor-grid-mobile-1 elementor-posts--thumbnail-top elementor-card-shadow-yes elementor-posts__hover-gradient elementor-widget elementor-widget-posts\" data-id=\"4732de5\" data-element_type=\"widget\" data-e-type=\"widget\" data-settings=\"{&quot;pagination_type&quot;:&quot;load_more_on_click&quot;,&quot;load_more_spinner&quot;:{&quot;value&quot;:&quot;&quot;,&quot;library&quot;:&quot;&quot;},&quot;cards_row_gap&quot;:{&quot;unit&quot;:&quot;px&quot;,&quot;size&quot;:34,&quot;sizes&quot;:[]},&quot;cards_columns&quot;:&quot;3&quot;,&quot;cards_columns_tablet&quot;:&quot;2&quot;,&quot;cards_columns_mobile&quot;:&quot;1&quot;,&quot;cards_row_gap_tablet&quot;:{&quot;unit&quot;:&quot;px&quot;,&quot;size&quot;:&quot;&quot;,&quot;sizes&quot;:[]},&quot;cards_row_gap_mobile&quot;:{&quot;unit&quot;:&quot;px&quot;,&quot;size&quot;:&quot;&quot;,&quot;sizes&quot;:[]}}\" data-widget_type=\"posts.cards\">\n\t\t\t\t<div class=\"elementor-widget-container\">\n\t\t\t\t\t\t\t<div class=\"elementor-posts-container elementor-posts elementor-posts--skin-cards elementor-grid\" role=\"list\">\n\t\t\t\t<article class=\"elementor-post elementor-grid-item post-36020 post type-post status-publish format-standard has-post-thumbnail hentry category-artigo category-cartilhas category-informativo-core-ce category-noticias category-ofertas category-representantes\" role=\"listitem\">\n\t\t\t<div class=\"elementor-post__card\">\n\t\t\t\t<a class=\"elementor-post__thumbnail__link\" href=\"https:\/\/corece.org.br\/site\/core-ce-promove-palestra-sobre-financas-e-planejamento-para-representantes-comerciais\/\" tabindex=\"-1\" ><div class=\"elementor-post__thumbnail\"><img fetchpriority=\"high\" decoding=\"async\" width=\"240\" height=\"300\" src=\"https:\/\/corece.org.br\/site\/wp-content\/uploads\/2026\/08\/4-240x300.png\" class=\"attachment-medium size-medium wp-image-36024\" alt=\"\" srcset=\"https:\/\/corece.org.br\/site\/wp-content\/uploads\/2026\/08\/4-240x300.png 240w, https:\/\/corece.org.br\/site\/wp-content\/uploads\/2026\/08\/4-819x1024.png 819w, https:\/\/corece.org.br\/site\/wp-content\/uploads\/2026\/08\/4-768x960.png 768w, https:\/\/corece.org.br\/site\/wp-content\/uploads\/2026\/08\/4.png 1080w\" sizes=\"(max-width: 240px) 100vw, 240px\" \/><\/div><\/a>\n\t\t\t\t<div class=\"elementor-post__badge\">ARTIGO<\/div>\n\t\t\t\t<div class=\"elementor-post__text\">\n\t\t\t\t<h3 class=\"elementor-post__title\">\n\t\t\t<a href=\"https:\/\/corece.org.br\/site\/core-ce-promove-palestra-sobre-financas-e-planejamento-para-representantes-comerciais\/\" >\n\t\t\t\tCore-CE promove palestra sobre finan\u00e7as e planejamento para Representantes Comerciais\t\t\t<\/a>\n\t\t<\/h3>\n\t\t\t\t<div class=\"elementor-post__excerpt\">\n\t\t\t<p>Encontro reuniu profissionais em uma noite de conhecimento, troca de experi\u00eancias e estrat\u00e9gias para fortalecer a gest\u00e3o financeira e empresarial O Conselho Regional dos Representantes Comerciais no Estado do Cear\u00e1 (Core-CE) realizou, nesta quinta-feira, a palestra \u201cFinan\u00e7as Pessoais e Empresariais: Organize-se para Crescer\u201d, promovendo um importante momento de conhecimento, reflex\u00e3o<\/p>\n\t\t<\/div>\n\t\t\t\t\t<div class=\"elementor-post__read-more-wrapper\">\n\t\t\n\t\t<a class=\"elementor-post__read-more\" href=\"https:\/\/corece.org.br\/site\/core-ce-promove-palestra-sobre-financas-e-planejamento-para-representantes-comerciais\/\" aria-label=\"Leia mais sobre Core-CE promove palestra sobre finan\u00e7as e planejamento para Representantes Comerciais\" tabindex=\"-1\" >\n\t\t\tLeia mais \u00bb\t\t<\/a>\n\n\t\t\t\t\t<\/div>\n\t\t\t\t<\/div>\n\t\t\t\t<div class=\"elementor-post__meta-data\">\n\t\t\t\t\t<span class=\"elementor-post-date\">\n\t\t\tagosto 28, 2026\t\t<\/span>\n\t\t\t\t<span class=\"elementor-post-avatar\">\n\t\t\tNenhum coment\u00e1rio\t\t<\/span>\n\t\t\t\t<\/div>\n\t\t\t\t\t<\/div>\n\t\t<\/article>\n\t\t\t\t<article class=\"elementor-post elementor-grid-item post-36003 post type-post status-publish format-standard has-post-thumbnail hentry category-artigo category-cartilhas category-informativo-core-ce category-eventos category-noticias category-representantes\" role=\"listitem\">\n\t\t\t<div class=\"elementor-post__card\">\n\t\t\t\t<a class=\"elementor-post__thumbnail__link\" href=\"https:\/\/corece.org.br\/site\/core-ce-apresenta-resultados-de-parceria-com-o-ministerio-do-trabalho-durante-seminario-de-fiscalizacao\/\" tabindex=\"-1\" ><div class=\"elementor-post__thumbnail\"><img decoding=\"async\" width=\"300\" height=\"200\" src=\"https:\/\/corece.org.br\/site\/wp-content\/uploads\/2026\/08\/IMG_3122-2-300x200.jpg\" class=\"attachment-medium size-medium wp-image-36017\" alt=\"\" srcset=\"https:\/\/corece.org.br\/site\/wp-content\/uploads\/2026\/08\/IMG_3122-2-300x200.jpg 300w, https:\/\/corece.org.br\/site\/wp-content\/uploads\/2026\/08\/IMG_3122-2-1024x683.jpg 1024w, https:\/\/corece.org.br\/site\/wp-content\/uploads\/2026\/08\/IMG_3122-2-768x512.jpg 768w, https:\/\/corece.org.br\/site\/wp-content\/uploads\/2026\/08\/IMG_3122-2-1536x1024.jpg 1536w, https:\/\/corece.org.br\/site\/wp-content\/uploads\/2026\/08\/IMG_3122-2.jpg 2048w\" sizes=\"(max-width: 300px) 100vw, 300px\" \/><\/div><\/a>\n\t\t\t\t<div class=\"elementor-post__badge\">ARTIGO<\/div>\n\t\t\t\t<div class=\"elementor-post__text\">\n\t\t\t\t<h3 class=\"elementor-post__title\">\n\t\t\t<a href=\"https:\/\/corece.org.br\/site\/core-ce-apresenta-resultados-de-parceria-com-o-ministerio-do-trabalho-durante-seminario-de-fiscalizacao\/\" >\n\t\t\t\tCore-CE apresenta resultados de parceria com o Minist\u00e9rio do Trabalho durante Semin\u00e1rio de Fiscaliza\u00e7\u00e3o\t\t\t<\/a>\n\t\t<\/h3>\n\t\t\t\t<div class=\"elementor-post__excerpt\">\n\t\t\t<p>O Conselho Regional dos Representantes Comerciais no Estado do Cear\u00e1 (Core-CE) participa do Semin\u00e1rio de Fiscaliza\u00e7\u00e3o do Sistema Confere\/Cores, promovido pelo Conselho Federal dos Representantes Comerciais (Confere), de 25 a 27 de agosto, em Bras\u00edlia. Representando o Core-CE, participam do encontro Silvana Oliveira, Coordenadora de Regularidade Profissional, e Domilson Mendes,<\/p>\n\t\t<\/div>\n\t\t\t\t\t<div class=\"elementor-post__read-more-wrapper\">\n\t\t\n\t\t<a class=\"elementor-post__read-more\" href=\"https:\/\/corece.org.br\/site\/core-ce-apresenta-resultados-de-parceria-com-o-ministerio-do-trabalho-durante-seminario-de-fiscalizacao\/\" aria-label=\"Leia mais sobre Core-CE apresenta resultados de parceria com o Minist\u00e9rio do Trabalho durante Semin\u00e1rio de Fiscaliza\u00e7\u00e3o\" tabindex=\"-1\" >\n\t\t\tLeia mais \u00bb\t\t<\/a>\n\n\t\t\t\t\t<\/div>\n\t\t\t\t<\/div>\n\t\t\t\t<div class=\"elementor-post__meta-data\">\n\t\t\t\t\t<span class=\"elementor-post-date\">\n\t\t\tagosto 27, 2026\t\t<\/span>\n\t\t\t\t<span class=\"elementor-post-avatar\">\n\t\t\tNenhum coment\u00e1rio\t\t<\/span>\n\t\t\t\t<\/div>\n\t\t\t\t\t<\/div>\n\t\t<\/article>\n\t\t\t\t<article class=\"elementor-post elementor-grid-item post-35990 post type-post status-publish format-standard has-post-thumbnail hentry category-cartilhas category-informativo-core-ce category-eventos category-noticias category-representantes category-sem-categoria category-uncategorized tag-institucional tag-palestra\" role=\"listitem\">\n\t\t\t<div class=\"elementor-post__card\">\n\t\t\t\t<a class=\"elementor-post__thumbnail__link\" href=\"https:\/\/corece.org.br\/site\/core-ce-participa-do-seminario-de-aquisicoes-do-sistema-confere-cores\/\" tabindex=\"-1\" ><div class=\"elementor-post__thumbnail\"><img decoding=\"async\" width=\"300\" height=\"195\" src=\"https:\/\/corece.org.br\/site\/wp-content\/uploads\/2026\/08\/DSC_1797-300x195.jpg\" class=\"attachment-medium size-medium wp-image-35991\" alt=\"\" srcset=\"https:\/\/corece.org.br\/site\/wp-content\/uploads\/2026\/08\/DSC_1797-300x195.jpg 300w, https:\/\/corece.org.br\/site\/wp-content\/uploads\/2026\/08\/DSC_1797-1024x667.jpg 1024w, https:\/\/corece.org.br\/site\/wp-content\/uploads\/2026\/08\/DSC_1797-768x500.jpg 768w, https:\/\/corece.org.br\/site\/wp-content\/uploads\/2026\/08\/DSC_1797-1536x1000.jpg 1536w, https:\/\/corece.org.br\/site\/wp-content\/uploads\/2026\/08\/DSC_1797.jpg 2048w\" sizes=\"(max-width: 300px) 100vw, 300px\" \/><\/div><\/a>\n\t\t\t\t<div class=\"elementor-post__badge\">Cartilhas<\/div>\n\t\t\t\t<div class=\"elementor-post__text\">\n\t\t\t\t<h3 class=\"elementor-post__title\">\n\t\t\t<a href=\"https:\/\/corece.org.br\/site\/core-ce-participa-do-seminario-de-aquisicoes-do-sistema-confere-cores\/\" >\n\t\t\t\tCore-CE participa do Semin\u00e1rio de Aquisi\u00e7\u00f5es do Sistema Confere\/Cores\t\t\t<\/a>\n\t\t<\/h3>\n\t\t\t\t<div class=\"elementor-post__excerpt\">\n\t\t\t<p>O Conselho Regional dos Representantes Comerciais no Estado do Cear\u00e1 (Core-CE) participou do Semin\u00e1rio de Aquisi\u00e7\u00f5es do Sistema Confere\/Cores, realizado ao longo de tr\u00eas dias, reunindo representantes dos Conselhos e profissionais convidados para um amplo momento de capacita\u00e7\u00e3o, integra\u00e7\u00e3o e troca de experi\u00eancias sobre aquisi\u00e7\u00f5es e contrata\u00e7\u00f5es p\u00fablicas. Representando o<\/p>\n\t\t<\/div>\n\t\t\t\t\t<div class=\"elementor-post__read-more-wrapper\">\n\t\t\n\t\t<a class=\"elementor-post__read-more\" href=\"https:\/\/corece.org.br\/site\/core-ce-participa-do-seminario-de-aquisicoes-do-sistema-confere-cores\/\" aria-label=\"Leia mais sobre Core-CE participa do Semin\u00e1rio de Aquisi\u00e7\u00f5es do Sistema Confere\/Cores\" tabindex=\"-1\" >\n\t\t\tLeia mais \u00bb\t\t<\/a>\n\n\t\t\t\t\t<\/div>\n\t\t\t\t<\/div>\n\t\t\t\t<div class=\"elementor-post__meta-data\">\n\t\t\t\t\t<span class=\"elementor-post-date\">\n\t\t\tagosto 21, 2026\t\t<\/span>\n\t\t\t\t<span class=\"elementor-post-avatar\">\n\t\t\tNenhum coment\u00e1rio\t\t<\/span>\n\t\t\t\t<\/div>\n\t\t\t\t\t<\/div>\n\t\t<\/article>\n\t\t\t\t<article class=\"elementor-post elementor-grid-item post-35966 post type-post status-publish format-standard has-post-thumbnail hentry category-eventos category-noticias category-uncategorized\" role=\"listitem\">\n\t\t\t<div class=\"elementor-post__card\">\n\t\t\t\t<a class=\"elementor-post__thumbnail__link\" href=\"https:\/\/corece.org.br\/site\/core-ce-atende-mais-de-100-representantes-comerciais-durante-acao-de-regularizacao\/\" tabindex=\"-1\" ><div class=\"elementor-post__thumbnail\"><img loading=\"lazy\" decoding=\"async\" width=\"240\" height=\"300\" src=\"https:\/\/corece.org.br\/site\/wp-content\/uploads\/2026\/08\/Mais-de-100-representantes-comerciais-foram-atendidos-pelo-Core-CE-durante-a-acao-de-atualizacao-2-240x300.jpg\" class=\"attachment-medium size-medium wp-image-35981\" alt=\"\" srcset=\"https:\/\/corece.org.br\/site\/wp-content\/uploads\/2026\/08\/Mais-de-100-representantes-comerciais-foram-atendidos-pelo-Core-CE-durante-a-acao-de-atualizacao-2-240x300.jpg 240w, https:\/\/corece.org.br\/site\/wp-content\/uploads\/2026\/08\/Mais-de-100-representantes-comerciais-foram-atendidos-pelo-Core-CE-durante-a-acao-de-atualizacao-2-819x1024.jpg 819w, https:\/\/corece.org.br\/site\/wp-content\/uploads\/2026\/08\/Mais-de-100-representantes-comerciais-foram-atendidos-pelo-Core-CE-durante-a-acao-de-atualizacao-2-768x960.jpg 768w, https:\/\/corece.org.br\/site\/wp-content\/uploads\/2026\/08\/Mais-de-100-representantes-comerciais-foram-atendidos-pelo-Core-CE-durante-a-acao-de-atualizacao-2.jpg 1170w\" sizes=\"(max-width: 240px) 100vw, 240px\" \/><\/div><\/a>\n\t\t\t\t<div class=\"elementor-post__badge\">Eventos<\/div>\n\t\t\t\t<div class=\"elementor-post__text\">\n\t\t\t\t<h3 class=\"elementor-post__title\">\n\t\t\t<a href=\"https:\/\/corece.org.br\/site\/core-ce-atende-mais-de-100-representantes-comerciais-durante-acao-de-regularizacao\/\" >\n\t\t\t\tCore-CE atende mais de 100 Representantes Comerciais durante a\u00e7\u00e3o de regulariza\u00e7\u00e3o\t\t\t<\/a>\n\t\t<\/h3>\n\t\t\t\t<div class=\"elementor-post__excerpt\">\n\t\t\t<p>Mutir\u00e3o realizado entre os dias 4 e 6 de agosto, na Central de Concilia\u00e7\u00e3o da Justi\u00e7a Federal, ampliou o acesso dos profissionais a servi\u00e7os de atualiza\u00e7\u00e3o cadastral, regulariza\u00e7\u00e3o e negocia\u00e7\u00e3o de d\u00e9bitos Mais de 100 Representantes Comerciais foram atendidos pelo Conselho Regional dos Representantes Comerciais no Estado do Cear\u00e1 (Core-CE)<\/p>\n\t\t<\/div>\n\t\t\t\t\t<div class=\"elementor-post__read-more-wrapper\">\n\t\t\n\t\t<a class=\"elementor-post__read-more\" href=\"https:\/\/corece.org.br\/site\/core-ce-atende-mais-de-100-representantes-comerciais-durante-acao-de-regularizacao\/\" aria-label=\"Leia mais sobre Core-CE atende mais de 100 Representantes Comerciais durante a\u00e7\u00e3o de regulariza\u00e7\u00e3o\" tabindex=\"-1\" >\n\t\t\tLeia mais \u00bb\t\t<\/a>\n\n\t\t\t\t\t<\/div>\n\t\t\t\t<\/div>\n\t\t\t\t<div class=\"elementor-post__meta-data\">\n\t\t\t\t\t<span class=\"elementor-post-date\">\n\t\t\tagosto 7, 2026\t\t<\/span>\n\t\t\t\t<span class=\"elementor-post-avatar\">\n\t\t\tNenhum coment\u00e1rio\t\t<\/span>\n\t\t\t\t<\/div>\n\t\t\t\t\t<\/div>\n\t\t<\/article>\n\t\t\t\t<article class=\"elementor-post elementor-grid-item post-35963 post type-post status-publish format-standard has-post-thumbnail hentry category-informativo-core-ce category-eventos category-noticias category-representantes\" role=\"listitem\">\n\t\t\t<div class=\"elementor-post__card\">\n\t\t\t\t<a class=\"elementor-post__thumbnail__link\" href=\"https:\/\/corece.org.br\/site\/presidente-do-core-ce-participa-de-solenidade-que-concede-titulo-de-cidadao-cearense-a-ranieri-leitao\/\" tabindex=\"-1\" ><div class=\"elementor-post__thumbnail\"><img loading=\"lazy\" decoding=\"async\" width=\"300\" height=\"200\" src=\"https:\/\/corece.org.br\/site\/wp-content\/uploads\/2026\/08\/387984e7-c928-47e5-9a30-e6f02bed4b52-300x200.jpg\" class=\"attachment-medium size-medium wp-image-35964\" alt=\"\" srcset=\"https:\/\/corece.org.br\/site\/wp-content\/uploads\/2026\/08\/387984e7-c928-47e5-9a30-e6f02bed4b52-300x200.jpg 300w, https:\/\/corece.org.br\/site\/wp-content\/uploads\/2026\/08\/387984e7-c928-47e5-9a30-e6f02bed4b52-1024x682.jpg 1024w, https:\/\/corece.org.br\/site\/wp-content\/uploads\/2026\/08\/387984e7-c928-47e5-9a30-e6f02bed4b52-768x512.jpg 768w, https:\/\/corece.org.br\/site\/wp-content\/uploads\/2026\/08\/387984e7-c928-47e5-9a30-e6f02bed4b52-1536x1023.jpg 1536w, https:\/\/corece.org.br\/site\/wp-content\/uploads\/2026\/08\/387984e7-c928-47e5-9a30-e6f02bed4b52.jpg 1600w\" sizes=\"(max-width: 300px) 100vw, 300px\" \/><\/div><\/a>\n\t\t\t\t<div class=\"elementor-post__badge\">CORE COMUNICA<\/div>\n\t\t\t\t<div class=\"elementor-post__text\">\n\t\t\t\t<h3 class=\"elementor-post__title\">\n\t\t\t<a href=\"https:\/\/corece.org.br\/site\/presidente-do-core-ce-participa-de-solenidade-que-concede-titulo-de-cidadao-cearense-a-ranieri-leitao\/\" >\n\t\t\t\tPresidente do Core-CE participa de solenidade que concede T\u00edtulo de Cidad\u00e3o Cearense a Ranieri Leit\u00e3o\t\t\t<\/a>\n\t\t<\/h3>\n\t\t\t\t<div class=\"elementor-post__excerpt\">\n\t\t\t<p>Lu\u00eds Jos\u00e9 Souza representou o Conselho em sess\u00e3o solene da Assembleia Legislativa e destacou a import\u00e2ncia da homenagem a uma das principais lideran\u00e7as do setor automobil\u00edstico O presidente do Conselho Regional dos Representantes Comerciais no Estado do Cear\u00e1 (Core-CE), Lu\u00eds Jos\u00e9 Souza, participou da sess\u00e3o solene realizada pela Assembleia Legislativa<\/p>\n\t\t<\/div>\n\t\t\t\t\t<div class=\"elementor-post__read-more-wrapper\">\n\t\t\n\t\t<a class=\"elementor-post__read-more\" href=\"https:\/\/corece.org.br\/site\/presidente-do-core-ce-participa-de-solenidade-que-concede-titulo-de-cidadao-cearense-a-ranieri-leitao\/\" aria-label=\"Leia mais sobre Presidente do Core-CE participa de solenidade que concede T\u00edtulo de Cidad\u00e3o Cearense a Ranieri Leit\u00e3o\" tabindex=\"-1\" >\n\t\t\tLeia mais \u00bb\t\t<\/a>\n\n\t\t\t\t\t<\/div>\n\t\t\t\t<\/div>\n\t\t\t\t<div class=\"elementor-post__meta-data\">\n\t\t\t\t\t<span class=\"elementor-post-date\">\n\t\t\tagosto 7, 2026\t\t<\/span>\n\t\t\t\t<span class=\"elementor-post-avatar\">\n\t\t\tNenhum coment\u00e1rio\t\t<\/span>\n\t\t\t\t<\/div>\n\t\t\t\t\t<\/div>\n\t\t<\/article>\n\t\t\t\t<article class=\"elementor-post elementor-grid-item post-35958 post type-post status-publish format-standard has-post-thumbnail hentry category-eventos category-noticias category-representantes\" role=\"listitem\">\n\t\t\t<div class=\"elementor-post__card\">\n\t\t\t\t<a class=\"elementor-post__thumbnail__link\" href=\"https:\/\/corece.org.br\/site\/core-ceara-promove-palestra-sobre-planejamento-tributario-para-representantes-comerciais-e-contadores\/\" tabindex=\"-1\" ><div class=\"elementor-post__thumbnail\"><img loading=\"lazy\" decoding=\"async\" width=\"225\" height=\"300\" src=\"https:\/\/corece.org.br\/site\/wp-content\/uploads\/2026\/08\/WhatsApp-Image-2026-08-05-at-08.46.40-1-225x300.jpeg\" class=\"attachment-medium size-medium wp-image-35959\" alt=\"\" srcset=\"https:\/\/corece.org.br\/site\/wp-content\/uploads\/2026\/08\/WhatsApp-Image-2026-08-05-at-08.46.40-1-225x300.jpeg 225w, https:\/\/corece.org.br\/site\/wp-content\/uploads\/2026\/08\/WhatsApp-Image-2026-08-05-at-08.46.40-1-768x1024.jpeg 768w, https:\/\/corece.org.br\/site\/wp-content\/uploads\/2026\/08\/WhatsApp-Image-2026-08-05-at-08.46.40-1-1152x1536.jpeg 1152w, https:\/\/corece.org.br\/site\/wp-content\/uploads\/2026\/08\/WhatsApp-Image-2026-08-05-at-08.46.40-1.jpeg 1200w\" sizes=\"(max-width: 225px) 100vw, 225px\" \/><\/div><\/a>\n\t\t\t\t<div class=\"elementor-post__badge\">Eventos<\/div>\n\t\t\t\t<div class=\"elementor-post__text\">\n\t\t\t\t<h3 class=\"elementor-post__title\">\n\t\t\t<a href=\"https:\/\/corece.org.br\/site\/core-ceara-promove-palestra-sobre-planejamento-tributario-para-representantes-comerciais-e-contadores\/\" >\n\t\t\t\tCore Cear\u00e1 promove palestra sobre Planejamento Tribut\u00e1rio para representantes comerciais e contadores\t\t\t<\/a>\n\t\t<\/h3>\n\t\t\t\t<div class=\"elementor-post__excerpt\">\n\t\t\t<p>O Conselho Regional dos Representantes Comerciais no Estado do Cear\u00e1 (Core Cear\u00e1) promoveu, no dia 3 de agosto, a palestra \u201cPlanejamento Tribut\u00e1rio para Representantes Comerciais e Contadores\u201d, proporcionando um momento de atualiza\u00e7\u00e3o e troca de conhecimentos sobre os impactos da Reforma Tribut\u00e1ria na atividade profissional. A iniciativa registrou 171 inscri\u00e7\u00f5es,<\/p>\n\t\t<\/div>\n\t\t\t\t\t<div class=\"elementor-post__read-more-wrapper\">\n\t\t\n\t\t<a class=\"elementor-post__read-more\" href=\"https:\/\/corece.org.br\/site\/core-ceara-promove-palestra-sobre-planejamento-tributario-para-representantes-comerciais-e-contadores\/\" aria-label=\"Leia mais sobre Core Cear\u00e1 promove palestra sobre Planejamento Tribut\u00e1rio para representantes comerciais e contadores\" tabindex=\"-1\" >\n\t\t\tLeia mais \u00bb\t\t<\/a>\n\n\t\t\t\t\t<\/div>\n\t\t\t\t<\/div>\n\t\t\t\t<div class=\"elementor-post__meta-data\">\n\t\t\t\t\t<span class=\"elementor-post-date\">\n\t\t\tagosto 7, 2026\t\t<\/span>\n\t\t\t\t<span class=\"elementor-post-avatar\">\n\t\t\tNenhum coment\u00e1rio\t\t<\/span>\n\t\t\t\t<\/div>\n\t\t\t\t\t<\/div>\n\t\t<\/article>\n\t\t\t\t<\/div>\n\t\t\n\t\t\t\t<div class=\"e-load-more-anchor\" data-page=\"1\" data-max-page=\"98\" data-next-page=\"https:\/\/corece.org.br\/site\/wp-json\/wp\/v2\/pages\/11\/page\/2\/\"><\/div>\n\t\t\t\t<div class=\"e-load-more-message\"><\/div>\n\t\t\t\t\t\t<\/div>\n\t\t\t\t<\/div>\n\t\t\t\t<div class=\"elementor-element elementor-element-64c2d11 elementor-align-center elementor-widget elementor-widget-button\" data-id=\"64c2d11\" data-element_type=\"widget\" data-e-type=\"widget\" data-widget_type=\"button.default\">\n\t\t\t\t<div class=\"elementor-widget-container\">\n\t\t\t\t\t\t\t\t\t<div class=\"elementor-button-wrapper\">\n\t\t\t\t\t<a class=\"elementor-button elementor-button-link elementor-size-sm\" href=\"https:\/\/corece.org.br\/site\/blog\/\">\n\t\t\t\t\t\t<span class=\"elementor-button-content-wrapper\">\n\t\t\t\t\t\t\t\t\t<span class=\"elementor-button-text\">VER TODAS <\/span>\n\t\t\t\t\t<\/span>\n\t\t\t\t\t<\/a>\n\t\t\t\t<\/div>\n\t\t\t\t\t\t\t\t<\/div>\n\t\t\t\t<\/div>\n\t\t\t\t\t<\/div>\n\t\t\t\t<\/div>\n\t\t<div class=\"elementor-element elementor-element-bbf607a e-flex e-con-boxed e-con e-parent\" data-id=\"bbf607a\" data-element_type=\"container\" data-e-type=\"container\">\n\t\t\t\t\t<div class=\"e-con-inner\">\n\t\t<div class=\"elementor-element elementor-element-defde9b e-con-full e-flex e-con e-child\" data-id=\"defde9b\" data-element_type=\"container\" data-e-type=\"container\">\n\t\t<div class=\"elementor-element elementor-element-dbd3f68 e-con-full e-flex e-con e-child\" data-id=\"dbd3f68\" data-element_type=\"container\" data-e-type=\"container\">\n\t\t\t\t<div class=\"elementor-element elementor-element-cc2a048 elementor-widget elementor-widget-image\" data-id=\"cc2a048\" data-element_type=\"widget\" data-e-type=\"widget\" data-widget_type=\"image.default\">\n\t\t\t\t<div class=\"elementor-widget-container\">\n\t\t\t\t\t\t\t\t\t\t\t\t\t\t\t<img loading=\"lazy\" decoding=\"async\" width=\"70\" height=\"66\" src=\"https:\/\/corece.org.br\/site\/wp-content\/uploads\/2024\/02\/certificate.png\" class=\"attachment-large size-large wp-image-180\" alt=\"\" \/>\t\t\t\t\t\t\t\t\t\t\t\t\t\t\t<\/div>\n\t\t\t\t<\/div>\n\t\t\t\t<\/div>\n\t\t<div class=\"elementor-element elementor-element-91838f2 e-con-full e-flex e-con e-child\" data-id=\"91838f2\" data-element_type=\"container\" data-e-type=\"container\">\n\t\t\t\t<div class=\"elementor-element elementor-element-f28af8a elementor-widget elementor-widget-heading\" data-id=\"f28af8a\" data-element_type=\"widget\" data-e-type=\"widget\" data-widget_type=\"heading.default\">\n\t\t\t\t<div class=\"elementor-widget-container\">\n\t\t\t\t\t<h2 class=\"elementor-heading-title elementor-size-default\">Solicite o Seu Registro<\/h2>\t\t\t\t<\/div>\n\t\t\t\t<\/div>\n\t\t\t\t<div class=\"elementor-element elementor-element-e05a5d8 elementor-align-justify elementor-widget elementor-widget-button\" data-id=\"e05a5d8\" data-element_type=\"widget\" data-e-type=\"widget\" data-widget_type=\"button.default\">\n\t\t\t\t<div class=\"elementor-widget-container\">\n\t\t\t\t\t\t\t\t\t<div class=\"elementor-button-wrapper\">\n\t\t\t\t\t<a class=\"elementor-button elementor-button-link elementor-size-sm\" href=\"https:\/\/corece.org.br\/site\/registro\/\">\n\t\t\t\t\t\t<span class=\"elementor-button-content-wrapper\">\n\t\t\t\t\t\t\t\t\t<span class=\"elementor-button-text\">REGISTRE-SE<\/span>\n\t\t\t\t\t<\/span>\n\t\t\t\t\t<\/a>\n\t\t\t\t<\/div>\n\t\t\t\t\t\t\t\t<\/div>\n\t\t\t\t<\/div>\n\t\t\t\t<\/div>\n\t\t\t\t<\/div>\n\t\t<div class=\"elementor-element elementor-element-d6096bb e-con-full e-flex e-con e-child\" data-id=\"d6096bb\" data-element_type=\"container\" data-e-type=\"container\">\n\t\t<div class=\"elementor-element elementor-element-e527be8 e-con-full e-flex e-con e-child\" data-id=\"e527be8\" data-element_type=\"container\" data-e-type=\"container\">\n\t\t\t\t<div class=\"elementor-element elementor-element-567cc8c elementor-widget elementor-widget-image\" data-id=\"567cc8c\" data-element_type=\"widget\" data-e-type=\"widget\" data-widget_type=\"image.default\">\n\t\t\t\t<div class=\"elementor-widget-container\">\n\t\t\t\t\t\t\t\t\t\t\t\t\t\t\t<img loading=\"lazy\" decoding=\"async\" width=\"93\" height=\"57\" src=\"https:\/\/corece.org.br\/site\/wp-content\/uploads\/2024\/02\/provider.png\" class=\"attachment-full size-full wp-image-194\" alt=\"\" \/>\t\t\t\t\t\t\t\t\t\t\t\t\t\t\t<\/div>\n\t\t\t\t<\/div>\n\t\t\t\t<\/div>\n\t\t<div class=\"elementor-element elementor-element-b41dac0 e-flex e-con-boxed e-con e-child\" data-id=\"b41dac0\" data-element_type=\"container\" data-e-type=\"container\">\n\t\t\t\t\t<div class=\"e-con-inner\">\n\t\t\t\t<div class=\"elementor-element elementor-element-288f919 elementor-widget elementor-widget-heading\" data-id=\"288f919\" data-element_type=\"widget\" data-e-type=\"widget\" data-widget_type=\"heading.default\">\n\t\t\t\t<div class=\"elementor-widget-container\">\n\t\t\t\t\t<h2 class=\"elementor-heading-title elementor-size-default\">Vitrine de Neg\u00f3cios<\/h2>\t\t\t\t<\/div>\n\t\t\t\t<\/div>\n\t\t\t\t<div class=\"elementor-element elementor-element-bbbc704 elementor-align-justify elementor-widget elementor-widget-button\" data-id=\"bbbc704\" data-element_type=\"widget\" data-e-type=\"widget\" data-widget_type=\"button.default\">\n\t\t\t\t<div class=\"elementor-widget-container\">\n\t\t\t\t\t\t\t\t\t<div class=\"elementor-button-wrapper\">\n\t\t\t\t\t<a class=\"elementor-button elementor-button-link elementor-size-sm\" href=\"https:\/\/corece.org.br\/site\/vitrine-de-negocios\/\">\n\t\t\t\t\t\t<span class=\"elementor-button-content-wrapper\">\n\t\t\t\t\t\t\t\t\t<span class=\"elementor-button-text\">ACESSAR<\/span>\n\t\t\t\t\t<\/span>\n\t\t\t\t\t<\/a>\n\t\t\t\t<\/div>\n\t\t\t\t\t\t\t\t<\/div>\n\t\t\t\t<\/div>\n\t\t\t\t\t<\/div>\n\t\t\t\t<\/div>\n\t\t\t\t<\/div>\n\t\t<div class=\"elementor-element elementor-element-e125d69 e-con-full e-flex e-con e-child\" data-id=\"e125d69\" data-element_type=\"container\" data-e-type=\"container\">\n\t\t<div class=\"elementor-element elementor-element-9742bf6 e-con-full e-flex e-con e-child\" data-id=\"9742bf6\" data-element_type=\"container\" data-e-type=\"container\">\n\t\t\t\t<div class=\"elementor-element elementor-element-a97b89b elementor-widget elementor-widget-image\" data-id=\"a97b89b\" data-element_type=\"widget\" data-e-type=\"widget\" data-widget_type=\"image.default\">\n\t\t\t\t<div class=\"elementor-widget-container\">\n\t\t\t\t\t\t\t\t\t\t\t\t\t\t\t<img loading=\"lazy\" decoding=\"async\" width=\"57\" height=\"58\" src=\"https:\/\/corece.org.br\/site\/wp-content\/uploads\/2024\/02\/schedule.png\" class=\"attachment-large size-large wp-image-195\" alt=\"\" \/>\t\t\t\t\t\t\t\t\t\t\t\t\t\t\t<\/div>\n\t\t\t\t<\/div>\n\t\t\t\t<\/div>\n\t\t<div class=\"elementor-element elementor-element-2bd7842 e-flex e-con-boxed e-con e-child\" data-id=\"2bd7842\" data-element_type=\"container\" data-e-type=\"container\">\n\t\t\t\t\t<div class=\"e-con-inner\">\n\t\t\t\t<div class=\"elementor-element elementor-element-cd6af89 elementor-widget elementor-widget-heading\" data-id=\"cd6af89\" data-element_type=\"widget\" data-e-type=\"widget\" data-widget_type=\"heading.default\">\n\t\t\t\t<div class=\"elementor-widget-container\">\n\t\t\t\t\t<h2 class=\"elementor-heading-title elementor-size-default\"><a href=\"https:\/\/corece.org.br\/site\/atendimento-juridico-orientativo\/\">Atendimento Jur\u00eddico Orientativo<\/a><\/h2>\t\t\t\t<\/div>\n\t\t\t\t<\/div>\n\t\t\t\t<div class=\"elementor-element elementor-element-780dff3 elementor-align-justify elementor-widget elementor-widget-button\" data-id=\"780dff3\" data-element_type=\"widget\" data-e-type=\"widget\" data-widget_type=\"button.default\">\n\t\t\t\t<div class=\"elementor-widget-container\">\n\t\t\t\t\t\t\t\t\t<div class=\"elementor-button-wrapper\">\n\t\t\t\t\t<a class=\"elementor-button elementor-button-link elementor-size-sm\" href=\"https:\/\/corece.org.br\/site\/atendimento-juridico-orientativo\/\">\n\t\t\t\t\t\t<span class=\"elementor-button-content-wrapper\">\n\t\t\t\t\t\t\t\t\t<span class=\"elementor-button-text\">AGENDAR<\/span>\n\t\t\t\t\t<\/span>\n\t\t\t\t\t<\/a>\n\t\t\t\t<\/div>\n\t\t\t\t\t\t\t\t<\/div>\n\t\t\t\t<\/div>\n\t\t\t\t\t<\/div>\n\t\t\t\t<\/div>\n\t\t\t\t<\/div>\n\t\t\t\t\t<\/div>\n\t\t\t\t<\/div>\n\t\t<div class=\"elementor-element elementor-element-9545f3b e-flex e-con-boxed e-con e-parent\" data-id=\"9545f3b\" data-element_type=\"container\" data-e-type=\"container\">\n\t\t\t\t\t<div class=\"e-con-inner\">\n\t\t<div class=\"elementor-element elementor-element-0cf7f28 e-con-full e-flex e-con e-child\" data-id=\"0cf7f28\" data-element_type=\"container\" data-e-type=\"container\">\n\t\t\t\t<div class=\"elementor-element elementor-element-3849131 elementor-align-justify elementor-widget elementor-widget-button\" data-id=\"3849131\" data-element_type=\"widget\" data-e-type=\"widget\" data-widget_type=\"button.default\">\n\t\t\t\t<div class=\"elementor-widget-container\">\n\t\t\t\t\t\t\t\t\t<div class=\"elementor-button-wrapper\">\n\t\t\t\t\t<a class=\"elementor-button elementor-button-link elementor-size-sm\" href=\"https:\/\/core-ce.implanta.net.br\/portaltransparencia\/#publico\/Conteudos?id=5c7e6951-551a-4cf4-8660-379ffc77ff3b\">\n\t\t\t\t\t\t<span class=\"elementor-button-content-wrapper\">\n\t\t\t\t\t\t\t\t\t<span class=\"elementor-button-text\">LICITA\u00c7\u00d5ES<\/span>\n\t\t\t\t\t<\/span>\n\t\t\t\t\t<\/a>\n\t\t\t\t<\/div>\n\t\t\t\t\t\t\t\t<\/div>\n\t\t\t\t<\/div>\n\t\t\t\t<\/div>\n\t\t<div class=\"elementor-element elementor-element-d6cbf52 e-con-full e-flex e-con e-child\" data-id=\"d6cbf52\" data-element_type=\"container\" data-e-type=\"container\">\n\t\t\t\t<div class=\"elementor-element elementor-element-c51fd88 elementor-align-justify elementor-widget elementor-widget-button\" data-id=\"c51fd88\" data-element_type=\"widget\" data-e-type=\"widget\" data-widget_type=\"button.default\">\n\t\t\t\t<div class=\"elementor-widget-container\">\n\t\t\t\t\t\t\t\t\t<div class=\"elementor-button-wrapper\">\n\t\t\t\t\t<a class=\"elementor-button elementor-button-link elementor-size-sm\" href=\"https:\/\/corece.org.br\/site\/publicacoes\/\">\n\t\t\t\t\t\t<span class=\"elementor-button-content-wrapper\">\n\t\t\t\t\t\t\t\t\t<span class=\"elementor-button-text\">PUBLICA\u00c7\u00d5ES<\/span>\n\t\t\t\t\t<\/span>\n\t\t\t\t\t<\/a>\n\t\t\t\t<\/div>\n\t\t\t\t\t\t\t\t<\/div>\n\t\t\t\t<\/div>\n\t\t\t\t<\/div>\n\t\t<div class=\"elementor-element elementor-element-ebad00e e-con-full e-flex e-con e-child\" data-id=\"ebad00e\" data-element_type=\"container\" data-e-type=\"container\">\n\t\t\t\t<div class=\"elementor-element elementor-element-720b9c7 elementor-align-justify elementor-widget elementor-widget-button\" data-id=\"720b9c7\" data-element_type=\"widget\" data-e-type=\"widget\" data-widget_type=\"button.default\">\n\t\t\t\t<div class=\"elementor-widget-container\">\n\t\t\t\t\t\t\t\t\t<div class=\"elementor-button-wrapper\">\n\t\t\t\t\t<a class=\"elementor-button elementor-button-link elementor-size-sm\" href=\"https:\/\/corece.org.br\/site\/anuidades\/\">\n\t\t\t\t\t\t<span class=\"elementor-button-content-wrapper\">\n\t\t\t\t\t\t\t\t\t<span class=\"elementor-button-text\">ANUIDADES<\/span>\n\t\t\t\t\t<\/span>\n\t\t\t\t\t<\/a>\n\t\t\t\t<\/div>\n\t\t\t\t\t\t\t\t<\/div>\n\t\t\t\t<\/div>\n\t\t\t\t<\/div>\n\t\t\t\t\t<\/div>\n\t\t\t\t<\/div>\n\t\t\t\t<\/div>\n\t\t","protected":false},"excerpt":{"rendered":"<p>SAIBA MAIS VER TODAS Solicite o Seu Registro REGISTRE-SE Vitrine de Neg\u00f3cios ACESSAR Atendimento Jur\u00eddico Orientativo AGENDAR LICITA\u00c7\u00d5ES PUBLICA\u00c7\u00d5ES ANUIDADES<\/p>\n","protected":false},"author":1,"featured_media":0,"parent":0,"menu_order":0,"comment_status":"closed","ping_status":"closed","template":"","meta":{"footnotes":""},"class_list":["post-11","page","type-page","status-publish","hentry"],"_links":{"self":[{"href":"https:\/\/corece.org.br\/site\/wp-json\/wp\/v2\/pages\/11","targetHints":{"allow":["GET"]}}],"collection":[{"href":"https:\/\/corece.org.br\/site\/wp-json\/wp\/v2\/pages"}],"about":[{"href":"https:\/\/corece.org.br\/site\/wp-json\/wp\/v2\/types\/page"}],"author":[{"embeddable":true,"href":"https:\/\/corece.org.br\/site\/wp-json\/wp\/v2\/users\/1"}],"replies":[{"embeddable":true,"href":"https:\/\/corece.org.br\/site\/wp-json\/wp\/v2\/comments?post=11"}],"version-history":[{"count":217,"href":"https:\/\/corece.org.br\/site\/wp-json\/wp\/v2\/pages\/11\/revisions"}],"predecessor-version":[{"id":34705,"href":"https:\/\/corece.org.br\/site\/wp-json\/wp\/v2\/pages\/11\/revisions\/34705"}],"wp:attachment":[{"href":"https:\/\/corece.org.br\/site\/wp-json\/wp\/v2\/media?parent=11"}],"curies":[{"name":"wp","href":"https:\/\/api.w.org\/{rel}","templated":true}]}}