{"id":1236,"date":"2024-02-23T15:11:19","date_gmt":"2024-02-23T18:11:19","guid":{"rendered":"https:\/\/corece.org.br\/site\/?page_id=1236"},"modified":"2026-01-09T11:51:22","modified_gmt":"2026-01-09T14:51:22","slug":"anuidades","status":"publish","type":"page","link":"https:\/\/corece.org.br\/site\/anuidades\/","title":{"rendered":"VALORES ANUIDADES 2026"},"content":{"rendered":"\t\t<div data-elementor-type=\"wp-page\" data-elementor-id=\"1236\" class=\"elementor elementor-1236\" data-elementor-post-type=\"page\">\n\t\t\t\t<div class=\"elementor-element elementor-element-c5e8f2b e-flex e-con-boxed e-con e-parent\" data-id=\"c5e8f2b\" data-element_type=\"container\" data-e-type=\"container\">\n\t\t\t\t\t<div class=\"e-con-inner\">\n\t\t\t\t<div class=\"elementor-element elementor-element-9d2ef9c elementor-widget elementor-widget-text-editor\" data-id=\"9d2ef9c\" data-element_type=\"widget\" data-e-type=\"widget\" data-widget_type=\"text-editor.default\">\n\t\t\t\t<div class=\"elementor-widget-container\">\n\t\t\t\t\t\t\t\t\t<p>[rank_math_breadcrumb]<\/p>\t\t\t\t\t\t\t\t<\/div>\n\t\t\t\t<\/div>\n\t\t\t\t<div class=\"elementor-element elementor-element-80eca84 elementor-widget elementor-widget-heading\" data-id=\"80eca84\" data-element_type=\"widget\" data-e-type=\"widget\" data-widget_type=\"heading.default\">\n\t\t\t\t<div class=\"elementor-widget-container\">\n\t\t\t\t\t<h2 class=\"elementor-heading-title elementor-size-default\">ANUIDADE 2026<\/h2>\t\t\t\t<\/div>\n\t\t\t\t<\/div>\n\t\t\t\t<div class=\"elementor-element elementor-element-899790d elementor-widget elementor-widget-heading\" data-id=\"899790d\" data-element_type=\"widget\" data-e-type=\"widget\" data-widget_type=\"heading.default\">\n\t\t\t\t<div class=\"elementor-widget-container\">\n\t\t\t\t\t<h2 class=\"elementor-heading-title elementor-size-default\">Clique no bot\u00e3o abaixo para visualizar a tabela de anuidade:<\/h2>\t\t\t\t<\/div>\n\t\t\t\t<\/div>\n\t\t\t\t<div class=\"elementor-element elementor-element-16e6b64 elementor-widget elementor-widget-text-editor\" data-id=\"16e6b64\" data-element_type=\"widget\" data-e-type=\"widget\" data-widget_type=\"text-editor.default\">\n\t\t\t\t<div class=\"elementor-widget-container\">\n\t\t\t\t\t\t\t\t\t<p>Seja um profissional habilitado e regular para o exerc\u00edcio de sua atividade protegida pela Lei Federal n\u00ba 4.886\/65.<\/p><p>De acordo com a <a href=\"https:\/\/www.confere.org.br\/wordpress\/wp-content\/uploads\/2025\/09\/anuidades2026.pdf\">Resolu\u00e7\u00e3o n\u00ba 2.167\/2025 do Conselho Federal dos Representantes Comerciais (Confere)<\/a>, a anuidade \u00e9 uma contribui\u00e7\u00e3o obrigat\u00f3ria devida aos Conselhos Regionais pelos Representantes Comerciais (pessoas f\u00edsicas e jur\u00eddicas) neles registrados.<\/p><p><strong>Prazos e Descontos para Pagamento \u00e0 Vista<\/strong><\/p><ul><li><span style=\"text-decoration: underline;\"><strong>20% de desconto:<\/strong><\/span> at\u00e9 31 de janeiro de 2026.<\/li><li><span style=\"text-decoration: underline;\"><strong>15% de desconto:<\/strong><\/span> at\u00e9 28 de fevereiro de 2026.<\/li><li><span style=\"text-decoration: underline;\"><strong>10% de desconto:<\/strong><\/span> at\u00e9 31 de mar\u00e7o de 2026.<\/li><\/ul><p><b data-path-to-node=\"3,0,1,0\" data-index-in-node=\"0\">IMPORTANTE:<\/b> Para garantir o seu desconto, o pagamento deve ser efetuado at\u00e9 o <b data-path-to-node=\"3,0,1,0\" data-index-in-node=\"75\">\u00faltimo dia \u00fatil de cada m\u00eas<\/b>.<\/p><p><strong>ATEN\u00c7\u00c3O:<\/strong>\u00a0O pagamento da anuidade de 2026 n\u00e3o quita d\u00e9bitos anteriores e n\u00e3o atesta a regularidade do registro profissional.<\/p><p><strong>Parcelamento e Atrasos<\/strong><\/p><ul><li><span style=\"text-decoration: underline;\"><strong>Parcelamento:<\/strong><\/span> \u00c9 poss\u00edvel parcelar em at\u00e9 3 vezes sem desconto, com vencimentos em 30 de abril, 31 de agosto e 31 de dezembro de 2026.<\/li><li><span style=\"text-decoration: underline;\"><strong>Penalidades por atraso:<\/strong> <\/span>Pagamentos ap\u00f3s o vencimento sofrem acr\u00e9scimo de 2% de multa, 1% de juros de mora ao m\u00eas e atualiza\u00e7\u00e3o monet\u00e1ria.<\/li><\/ul><p><strong><br \/>Informa\u00e7\u00f5es adicionais:<\/strong><\/p><ul><li>Filiais ou representa\u00e7\u00f5es de empresas em outra jurisdi\u00e7\u00e3o pagar\u00e3o at\u00e9 50% da anuidade da matriz.<\/li><li>O Representante Comercial, Pessoa F\u00edsica, como Respons\u00e1vel T\u00e9cnico de Pessoa Jur\u00eddica devidamente registrada no Conselho Regional dos Representantes\u00a0Comerciais, pagar\u00e1 anuidade em valor correspondente a <strong>50% (cinquenta por cento)<\/strong>\u00a0da anuidade devida pelos demais profissionais aut\u00f4nomos registrados no mesmo\u00a0Conselho Regional.<\/li><\/ul><p data-path-to-node=\"3,0\"><b data-path-to-node=\"3,0\" data-index-in-node=\"0\"><br \/>Emiss\u00e3o de 2\u00aa via &#8211; Anuidade 2026<\/b><\/p><p data-path-to-node=\"3,1\"><span data-path-to-node=\"3,1,1\"><span class=\"citation-100\">Para emitir a 2\u00aa via do seu boleto, acesse: <\/span><a class=\"ng-star-inserted\" href=\"https:\/\/anuidade.confere.org.br\/ce\" target=\"_blank\" rel=\"noopener\" data-hveid=\"0\" data-ved=\"0CAAQ_4QMahgKEwiT8-XBz_SRAxUAAAAAHQAAAAAQlQE\"><span class=\"citation-100\">https:\/\/anuidade.confere.org.br\/ce<\/span><\/a><\/span><span data-path-to-node=\"3,1,3\">. <\/span><span data-path-to-node=\"3,1,5\"><span class=\"citation-99\">Se preferir, entre em contato com nosso setor de arrecada\u00e7\u00e3o pelo e-mail: <\/span><a href=\"mailto:financeiro@corece.org.br\"><b data-path-to-node=\"3,1,5\" data-index-in-node=\"74\"><span class=\"citation-99\">financeiro@corece.org.br<\/span><\/b><\/a><\/span><span data-path-to-node=\"3,1,7\">.<\/span><\/p>\t\t\t\t\t\t\t\t<\/div>\n\t\t\t\t<\/div>\n\t\t<div class=\"elementor-element elementor-element-4bda6ff e-con-full e-flex e-con e-child\" data-id=\"4bda6ff\" data-element_type=\"container\" data-e-type=\"container\">\n\t\t\t\t<\/div>\n\t\t\t\t\t<\/div>\n\t\t\t\t<\/div>\n\t\t\t\t<\/div>\n\t\t","protected":false},"excerpt":{"rendered":"<p>[rank_math_breadcrumb] ANUIDADE 2026 Clique no bot\u00e3o abaixo para visualizar a tabela de anuidade: Seja um profissional habilitado e regular para o exerc\u00edcio de sua atividade protegida pela Lei Federal n\u00ba 4.886\/65. De acordo com a Resolu\u00e7\u00e3o n\u00ba 2.167\/2025 do Conselho Federal dos Representantes Comerciais (Confere), a anuidade \u00e9 uma contribui\u00e7\u00e3o obrigat\u00f3ria devida aos Conselhos Regionais [&hellip;]<\/p>\n","protected":false},"author":1,"featured_media":0,"parent":0,"menu_order":0,"comment_status":"closed","ping_status":"closed","template":"","meta":{"footnotes":""},"class_list":["post-1236","page","type-page","status-publish","hentry"],"_links":{"self":[{"href":"https:\/\/corece.org.br\/site\/wp-json\/wp\/v2\/pages\/1236","targetHints":{"allow":["GET"]}}],"collection":[{"href":"https:\/\/corece.org.br\/site\/wp-json\/wp\/v2\/pages"}],"about":[{"href":"https:\/\/corece.org.br\/site\/wp-json\/wp\/v2\/types\/page"}],"author":[{"embeddable":true,"href":"https:\/\/corece.org.br\/site\/wp-json\/wp\/v2\/users\/1"}],"replies":[{"embeddable":true,"href":"https:\/\/corece.org.br\/site\/wp-json\/wp\/v2\/comments?post=1236"}],"version-history":[{"count":68,"href":"https:\/\/corece.org.br\/site\/wp-json\/wp\/v2\/pages\/1236\/revisions"}],"predecessor-version":[{"id":35046,"href":"https:\/\/corece.org.br\/site\/wp-json\/wp\/v2\/pages\/1236\/revisions\/35046"}],"wp:attachment":[{"href":"https:\/\/corece.org.br\/site\/wp-json\/wp\/v2\/media?parent=1236"}],"curies":[{"name":"wp","href":"https:\/\/api.w.org\/{rel}","templated":true}]}}