{"id":1317,"date":"2024-02-23T17:01:47","date_gmt":"2024-02-23T20:01:47","guid":{"rendered":"https:\/\/corece.org.br\/site\/?page_id=1317"},"modified":"2024-05-14T16:46:39","modified_gmt":"2024-05-14T19:46:39","slug":"blog","status":"publish","type":"page","link":"https:\/\/corece.org.br\/site\/blog\/","title":{"rendered":"Blog"},"content":{"rendered":"\t\t<div data-elementor-type=\"wp-page\" data-elementor-id=\"1317\" class=\"elementor elementor-1317\" data-elementor-post-type=\"page\">\n\t\t\t\t<div class=\"elementor-element elementor-element-9302b46 e-flex e-con-boxed e-con e-parent\" data-id=\"9302b46\" data-element_type=\"container\" data-e-type=\"container\">\n\t\t\t\t\t<div class=\"e-con-inner\">\n\t\t\t\t<div class=\"elementor-element elementor-element-9d15270 elementor-widget elementor-widget-text-editor\" data-id=\"9d15270\" data-element_type=\"widget\" data-e-type=\"widget\" data-widget_type=\"text-editor.default\">\n\t\t\t\t<div class=\"elementor-widget-container\">\n\t\t\t\t\t\t\t\t\t<p>[rank_math_breadcrumb]<\/p>\t\t\t\t\t\t\t\t<\/div>\n\t\t\t\t<\/div>\n\t\t\t\t<div class=\"elementor-element elementor-element-3038dc1 elementor-widget elementor-widget-heading\" data-id=\"3038dc1\" data-element_type=\"widget\" data-e-type=\"widget\" data-widget_type=\"heading.default\">\n\t\t\t\t<div class=\"elementor-widget-container\">\n\t\t\t\t\t<h2 class=\"elementor-heading-title elementor-size-default\">Blog<\/h2>\t\t\t\t<\/div>\n\t\t\t\t<\/div>\n\t\t\t\t<div class=\"elementor-element elementor-element-ed4bef9 elementor-grid-3 elementor-grid-tablet-2 elementor-grid-mobile-1 elementor-posts--thumbnail-top elementor-widget elementor-widget-posts\" data-id=\"ed4bef9\" data-element_type=\"widget\" data-e-type=\"widget\" data-settings=\"{&quot;pagination_type&quot;:&quot;numbers_and_prev_next&quot;,&quot;classic_columns&quot;:&quot;3&quot;,&quot;classic_columns_tablet&quot;:&quot;2&quot;,&quot;classic_columns_mobile&quot;:&quot;1&quot;,&quot;classic_row_gap&quot;:{&quot;unit&quot;:&quot;px&quot;,&quot;size&quot;:35,&quot;sizes&quot;:[]},&quot;classic_row_gap_tablet&quot;:{&quot;unit&quot;:&quot;px&quot;,&quot;size&quot;:&quot;&quot;,&quot;sizes&quot;:[]},&quot;classic_row_gap_mobile&quot;:{&quot;unit&quot;:&quot;px&quot;,&quot;size&quot;:&quot;&quot;,&quot;sizes&quot;:[]}}\" data-widget_type=\"posts.classic\">\n\t\t\t\t<div class=\"elementor-widget-container\">\n\t\t\t\t\t\t\t<div class=\"elementor-posts-container elementor-posts elementor-posts--skin-classic elementor-grid\" role=\"list\">\n\t\t\t\t<article class=\"elementor-post elementor-grid-item post-36032 post type-post status-publish format-standard has-post-thumbnail hentry category-artigo category-cartilhas category-informativo-core-ce category-eventos category-noticias category-representantes\" role=\"listitem\">\n\t\t\t\t<a class=\"elementor-post__thumbnail__link\" href=\"https:\/\/corece.org.br\/site\/core-ce-promove-palestra-sobre-valorizacao-da-vida-e-cuidado-com-as-pessoas-no-setembro-amarelo\/\" tabindex=\"-1\" >\n\t\t\t<div class=\"elementor-post__thumbnail\"><img fetchpriority=\"high\" decoding=\"async\" width=\"300\" height=\"225\" src=\"https:\/\/corece.org.br\/site\/wp-content\/uploads\/2026\/08\/WhatsApp-Image-2026-08-31-at-08.53.56-300x225.jpeg\" class=\"attachment-medium size-medium wp-image-36033\" alt=\"\" srcset=\"https:\/\/corece.org.br\/site\/wp-content\/uploads\/2026\/08\/WhatsApp-Image-2026-08-31-at-08.53.56-300x225.jpeg 300w, https:\/\/corece.org.br\/site\/wp-content\/uploads\/2026\/08\/WhatsApp-Image-2026-08-31-at-08.53.56-1024x769.jpeg 1024w, https:\/\/corece.org.br\/site\/wp-content\/uploads\/2026\/08\/WhatsApp-Image-2026-08-31-at-08.53.56-768x576.jpeg 768w, https:\/\/corece.org.br\/site\/wp-content\/uploads\/2026\/08\/WhatsApp-Image-2026-08-31-at-08.53.56-1536x1153.jpeg 1536w, https:\/\/corece.org.br\/site\/wp-content\/uploads\/2026\/08\/WhatsApp-Image-2026-08-31-at-08.53.56.jpeg 1600w\" sizes=\"(max-width: 300px) 100vw, 300px\" \/><\/div>\n\t\t<\/a>\n\t\t\t\t<div class=\"elementor-post__text\">\n\t\t\t\t<h3 class=\"elementor-post__title\">\n\t\t\t<a href=\"https:\/\/corece.org.br\/site\/core-ce-promove-palestra-sobre-valorizacao-da-vida-e-cuidado-com-as-pessoas-no-setembro-amarelo\/\" >\n\t\t\t\tCore-CE promove palestra sobre valoriza\u00e7\u00e3o da vida e cuidado com as pessoas no Setembro Amarelo\t\t\t<\/a>\n\t\t<\/h3>\n\t\t\t\t<div class=\"elementor-post__meta-data\">\n\t\t\t\t\t<span class=\"elementor-post-date\">\n\t\t\tagosto 31, 2026\t\t<\/span>\n\t\t\t\t<\/div>\n\t\t\t\t<div class=\"elementor-post__excerpt\">\n\t\t\t<p>A\u00e7\u00e3o reuniu colaboradores em um momento de reflex\u00e3o, conscientiza\u00e7\u00e3o e di\u00e1logo sobre sa\u00fade emocional e a import\u00e2ncia do cuidado no ambiente de trabalho O Conselho Regional dos Representantes Comerciais no Estado do Cear\u00e1 (Core-CE) realizou, no dia 28 de agosto, uma palestra em alus\u00e3o ao Setembro Amarelo, campanha nacional de<\/p>\n\t\t<\/div>\n\t\t\t\t\t<div class=\"elementor-post__read-more-wrapper\">\n\t\t\n\t\t<a class=\"elementor-post__read-more\" href=\"https:\/\/corece.org.br\/site\/core-ce-promove-palestra-sobre-valorizacao-da-vida-e-cuidado-com-as-pessoas-no-setembro-amarelo\/\" aria-label=\"Leia mais sobre Core-CE promove palestra sobre valoriza\u00e7\u00e3o da vida e cuidado com as pessoas no Setembro Amarelo\" tabindex=\"-1\" >\n\t\t\tLeia mais \u00bb\t\t<\/a>\n\n\t\t\t\t\t<\/div>\n\t\t\t\t<\/div>\n\t\t\t\t<\/article>\n\t\t\t\t<article class=\"elementor-post elementor-grid-item post-36020 post type-post status-publish format-standard has-post-thumbnail hentry category-artigo category-cartilhas category-informativo-core-ce category-noticias category-ofertas category-representantes\" role=\"listitem\">\n\t\t\t\t<a class=\"elementor-post__thumbnail__link\" href=\"https:\/\/corece.org.br\/site\/core-ce-promove-palestra-sobre-financas-e-planejamento-para-representantes-comerciais\/\" tabindex=\"-1\" >\n\t\t\t<div class=\"elementor-post__thumbnail\"><img decoding=\"async\" width=\"240\" height=\"300\" src=\"https:\/\/corece.org.br\/site\/wp-content\/uploads\/2026\/08\/4-240x300.png\" class=\"attachment-medium size-medium wp-image-36024\" alt=\"\" srcset=\"https:\/\/corece.org.br\/site\/wp-content\/uploads\/2026\/08\/4-240x300.png 240w, https:\/\/corece.org.br\/site\/wp-content\/uploads\/2026\/08\/4-819x1024.png 819w, https:\/\/corece.org.br\/site\/wp-content\/uploads\/2026\/08\/4-768x960.png 768w, https:\/\/corece.org.br\/site\/wp-content\/uploads\/2026\/08\/4.png 1080w\" sizes=\"(max-width: 240px) 100vw, 240px\" \/><\/div>\n\t\t<\/a>\n\t\t\t\t<div class=\"elementor-post__text\">\n\t\t\t\t<h3 class=\"elementor-post__title\">\n\t\t\t<a href=\"https:\/\/corece.org.br\/site\/core-ce-promove-palestra-sobre-financas-e-planejamento-para-representantes-comerciais\/\" >\n\t\t\t\tCore-CE promove palestra sobre finan\u00e7as e planejamento para Representantes Comerciais\t\t\t<\/a>\n\t\t<\/h3>\n\t\t\t\t<div class=\"elementor-post__meta-data\">\n\t\t\t\t\t<span class=\"elementor-post-date\">\n\t\t\tagosto 28, 2026\t\t<\/span>\n\t\t\t\t<\/div>\n\t\t\t\t<div class=\"elementor-post__excerpt\">\n\t\t\t<p>Encontro reuniu profissionais em uma noite de conhecimento, troca de experi\u00eancias e estrat\u00e9gias para fortalecer a gest\u00e3o financeira e empresarial O Conselho Regional dos Representantes Comerciais no Estado do Cear\u00e1 (Core-CE) realizou, nesta quinta-feira, a palestra \u201cFinan\u00e7as Pessoais e Empresariais: Organize-se para Crescer\u201d, promovendo um importante momento de conhecimento, reflex\u00e3o<\/p>\n\t\t<\/div>\n\t\t\t\t\t<div class=\"elementor-post__read-more-wrapper\">\n\t\t\n\t\t<a class=\"elementor-post__read-more\" href=\"https:\/\/corece.org.br\/site\/core-ce-promove-palestra-sobre-financas-e-planejamento-para-representantes-comerciais\/\" aria-label=\"Leia mais sobre Core-CE promove palestra sobre finan\u00e7as e planejamento para Representantes Comerciais\" tabindex=\"-1\" >\n\t\t\tLeia mais \u00bb\t\t<\/a>\n\n\t\t\t\t\t<\/div>\n\t\t\t\t<\/div>\n\t\t\t\t<\/article>\n\t\t\t\t<article class=\"elementor-post elementor-grid-item post-36003 post type-post status-publish format-standard has-post-thumbnail hentry category-artigo category-cartilhas category-informativo-core-ce category-eventos category-noticias category-representantes\" role=\"listitem\">\n\t\t\t\t<a class=\"elementor-post__thumbnail__link\" href=\"https:\/\/corece.org.br\/site\/core-ce-apresenta-resultados-de-parceria-com-o-ministerio-do-trabalho-durante-seminario-de-fiscalizacao\/\" tabindex=\"-1\" >\n\t\t\t<div class=\"elementor-post__thumbnail\"><img decoding=\"async\" width=\"300\" height=\"200\" src=\"https:\/\/corece.org.br\/site\/wp-content\/uploads\/2026\/08\/IMG_3122-2-300x200.jpg\" class=\"attachment-medium size-medium wp-image-36017\" alt=\"\" srcset=\"https:\/\/corece.org.br\/site\/wp-content\/uploads\/2026\/08\/IMG_3122-2-300x200.jpg 300w, https:\/\/corece.org.br\/site\/wp-content\/uploads\/2026\/08\/IMG_3122-2-1024x683.jpg 1024w, https:\/\/corece.org.br\/site\/wp-content\/uploads\/2026\/08\/IMG_3122-2-768x512.jpg 768w, https:\/\/corece.org.br\/site\/wp-content\/uploads\/2026\/08\/IMG_3122-2-1536x1024.jpg 1536w, https:\/\/corece.org.br\/site\/wp-content\/uploads\/2026\/08\/IMG_3122-2.jpg 2048w\" sizes=\"(max-width: 300px) 100vw, 300px\" \/><\/div>\n\t\t<\/a>\n\t\t\t\t<div class=\"elementor-post__text\">\n\t\t\t\t<h3 class=\"elementor-post__title\">\n\t\t\t<a href=\"https:\/\/corece.org.br\/site\/core-ce-apresenta-resultados-de-parceria-com-o-ministerio-do-trabalho-durante-seminario-de-fiscalizacao\/\" >\n\t\t\t\tCore-CE apresenta resultados de parceria com o Minist\u00e9rio do Trabalho durante Semin\u00e1rio de Fiscaliza\u00e7\u00e3o\t\t\t<\/a>\n\t\t<\/h3>\n\t\t\t\t<div class=\"elementor-post__meta-data\">\n\t\t\t\t\t<span class=\"elementor-post-date\">\n\t\t\tagosto 27, 2026\t\t<\/span>\n\t\t\t\t<\/div>\n\t\t\t\t<div class=\"elementor-post__excerpt\">\n\t\t\t<p>O Conselho Regional dos Representantes Comerciais no Estado do Cear\u00e1 (Core-CE) participa do Semin\u00e1rio de Fiscaliza\u00e7\u00e3o do Sistema Confere\/Cores, promovido pelo Conselho Federal dos Representantes Comerciais (Confere), de 25 a 27 de agosto, em Bras\u00edlia. Representando o Core-CE, participam do encontro Silvana Oliveira, Coordenadora de Regularidade Profissional, e Domilson Mendes,<\/p>\n\t\t<\/div>\n\t\t\t\t\t<div class=\"elementor-post__read-more-wrapper\">\n\t\t\n\t\t<a class=\"elementor-post__read-more\" href=\"https:\/\/corece.org.br\/site\/core-ce-apresenta-resultados-de-parceria-com-o-ministerio-do-trabalho-durante-seminario-de-fiscalizacao\/\" aria-label=\"Leia mais sobre Core-CE apresenta resultados de parceria com o Minist\u00e9rio do Trabalho durante Semin\u00e1rio de Fiscaliza\u00e7\u00e3o\" tabindex=\"-1\" >\n\t\t\tLeia mais \u00bb\t\t<\/a>\n\n\t\t\t\t\t<\/div>\n\t\t\t\t<\/div>\n\t\t\t\t<\/article>\n\t\t\t\t<article class=\"elementor-post elementor-grid-item post-35990 post type-post status-publish format-standard has-post-thumbnail hentry category-cartilhas category-informativo-core-ce category-eventos category-noticias category-representantes category-sem-categoria category-uncategorized tag-institucional tag-palestra\" role=\"listitem\">\n\t\t\t\t<a class=\"elementor-post__thumbnail__link\" href=\"https:\/\/corece.org.br\/site\/core-ce-participa-do-seminario-de-aquisicoes-do-sistema-confere-cores\/\" tabindex=\"-1\" >\n\t\t\t<div class=\"elementor-post__thumbnail\"><img loading=\"lazy\" decoding=\"async\" width=\"300\" height=\"195\" src=\"https:\/\/corece.org.br\/site\/wp-content\/uploads\/2026\/08\/DSC_1797-300x195.jpg\" class=\"attachment-medium size-medium wp-image-35991\" alt=\"\" srcset=\"https:\/\/corece.org.br\/site\/wp-content\/uploads\/2026\/08\/DSC_1797-300x195.jpg 300w, https:\/\/corece.org.br\/site\/wp-content\/uploads\/2026\/08\/DSC_1797-1024x667.jpg 1024w, https:\/\/corece.org.br\/site\/wp-content\/uploads\/2026\/08\/DSC_1797-768x500.jpg 768w, https:\/\/corece.org.br\/site\/wp-content\/uploads\/2026\/08\/DSC_1797-1536x1000.jpg 1536w, https:\/\/corece.org.br\/site\/wp-content\/uploads\/2026\/08\/DSC_1797.jpg 2048w\" sizes=\"(max-width: 300px) 100vw, 300px\" \/><\/div>\n\t\t<\/a>\n\t\t\t\t<div class=\"elementor-post__text\">\n\t\t\t\t<h3 class=\"elementor-post__title\">\n\t\t\t<a href=\"https:\/\/corece.org.br\/site\/core-ce-participa-do-seminario-de-aquisicoes-do-sistema-confere-cores\/\" >\n\t\t\t\tCore-CE participa do Semin\u00e1rio de Aquisi\u00e7\u00f5es do Sistema Confere\/Cores\t\t\t<\/a>\n\t\t<\/h3>\n\t\t\t\t<div class=\"elementor-post__meta-data\">\n\t\t\t\t\t<span class=\"elementor-post-date\">\n\t\t\tagosto 21, 2026\t\t<\/span>\n\t\t\t\t<\/div>\n\t\t\t\t<div class=\"elementor-post__excerpt\">\n\t\t\t<p>O Conselho Regional dos Representantes Comerciais no Estado do Cear\u00e1 (Core-CE) participou do Semin\u00e1rio de Aquisi\u00e7\u00f5es do Sistema Confere\/Cores, realizado ao longo de tr\u00eas dias, reunindo representantes dos Conselhos e profissionais convidados para um amplo momento de capacita\u00e7\u00e3o, integra\u00e7\u00e3o e troca de experi\u00eancias sobre aquisi\u00e7\u00f5es e contrata\u00e7\u00f5es p\u00fablicas. Representando o<\/p>\n\t\t<\/div>\n\t\t\t\t\t<div class=\"elementor-post__read-more-wrapper\">\n\t\t\n\t\t<a class=\"elementor-post__read-more\" href=\"https:\/\/corece.org.br\/site\/core-ce-participa-do-seminario-de-aquisicoes-do-sistema-confere-cores\/\" aria-label=\"Leia mais sobre Core-CE participa do Semin\u00e1rio de Aquisi\u00e7\u00f5es do Sistema Confere\/Cores\" tabindex=\"-1\" >\n\t\t\tLeia mais \u00bb\t\t<\/a>\n\n\t\t\t\t\t<\/div>\n\t\t\t\t<\/div>\n\t\t\t\t<\/article>\n\t\t\t\t<article class=\"elementor-post elementor-grid-item post-35966 post type-post status-publish format-standard has-post-thumbnail hentry category-eventos category-noticias category-uncategorized\" role=\"listitem\">\n\t\t\t\t<a class=\"elementor-post__thumbnail__link\" href=\"https:\/\/corece.org.br\/site\/core-ce-atende-mais-de-100-representantes-comerciais-durante-acao-de-regularizacao\/\" tabindex=\"-1\" >\n\t\t\t<div class=\"elementor-post__thumbnail\"><img loading=\"lazy\" decoding=\"async\" width=\"240\" height=\"300\" src=\"https:\/\/corece.org.br\/site\/wp-content\/uploads\/2026\/08\/Mais-de-100-representantes-comerciais-foram-atendidos-pelo-Core-CE-durante-a-acao-de-atualizacao-2-240x300.jpg\" class=\"attachment-medium size-medium wp-image-35981\" alt=\"\" srcset=\"https:\/\/corece.org.br\/site\/wp-content\/uploads\/2026\/08\/Mais-de-100-representantes-comerciais-foram-atendidos-pelo-Core-CE-durante-a-acao-de-atualizacao-2-240x300.jpg 240w, https:\/\/corece.org.br\/site\/wp-content\/uploads\/2026\/08\/Mais-de-100-representantes-comerciais-foram-atendidos-pelo-Core-CE-durante-a-acao-de-atualizacao-2-819x1024.jpg 819w, https:\/\/corece.org.br\/site\/wp-content\/uploads\/2026\/08\/Mais-de-100-representantes-comerciais-foram-atendidos-pelo-Core-CE-durante-a-acao-de-atualizacao-2-768x960.jpg 768w, https:\/\/corece.org.br\/site\/wp-content\/uploads\/2026\/08\/Mais-de-100-representantes-comerciais-foram-atendidos-pelo-Core-CE-durante-a-acao-de-atualizacao-2.jpg 1170w\" sizes=\"(max-width: 240px) 100vw, 240px\" \/><\/div>\n\t\t<\/a>\n\t\t\t\t<div class=\"elementor-post__text\">\n\t\t\t\t<h3 class=\"elementor-post__title\">\n\t\t\t<a href=\"https:\/\/corece.org.br\/site\/core-ce-atende-mais-de-100-representantes-comerciais-durante-acao-de-regularizacao\/\" >\n\t\t\t\tCore-CE atende mais de 100 Representantes Comerciais durante a\u00e7\u00e3o de regulariza\u00e7\u00e3o\t\t\t<\/a>\n\t\t<\/h3>\n\t\t\t\t<div class=\"elementor-post__meta-data\">\n\t\t\t\t\t<span class=\"elementor-post-date\">\n\t\t\tagosto 7, 2026\t\t<\/span>\n\t\t\t\t<\/div>\n\t\t\t\t<div class=\"elementor-post__excerpt\">\n\t\t\t<p>Mutir\u00e3o realizado entre os dias 4 e 6 de agosto, na Central de Concilia\u00e7\u00e3o da Justi\u00e7a Federal, ampliou o acesso dos profissionais a servi\u00e7os de atualiza\u00e7\u00e3o cadastral, regulariza\u00e7\u00e3o e negocia\u00e7\u00e3o de d\u00e9bitos Mais de 100 Representantes Comerciais foram atendidos pelo Conselho Regional dos Representantes Comerciais no Estado do Cear\u00e1 (Core-CE)<\/p>\n\t\t<\/div>\n\t\t\t\t\t<div class=\"elementor-post__read-more-wrapper\">\n\t\t\n\t\t<a class=\"elementor-post__read-more\" href=\"https:\/\/corece.org.br\/site\/core-ce-atende-mais-de-100-representantes-comerciais-durante-acao-de-regularizacao\/\" aria-label=\"Leia mais sobre Core-CE atende mais de 100 Representantes Comerciais durante a\u00e7\u00e3o de regulariza\u00e7\u00e3o\" tabindex=\"-1\" >\n\t\t\tLeia mais \u00bb\t\t<\/a>\n\n\t\t\t\t\t<\/div>\n\t\t\t\t<\/div>\n\t\t\t\t<\/article>\n\t\t\t\t<article class=\"elementor-post elementor-grid-item post-35963 post type-post status-publish format-standard has-post-thumbnail hentry category-informativo-core-ce category-eventos category-noticias category-representantes\" role=\"listitem\">\n\t\t\t\t<a class=\"elementor-post__thumbnail__link\" href=\"https:\/\/corece.org.br\/site\/presidente-do-core-ce-participa-de-solenidade-que-concede-titulo-de-cidadao-cearense-a-ranieri-leitao\/\" tabindex=\"-1\" >\n\t\t\t<div class=\"elementor-post__thumbnail\"><img loading=\"lazy\" decoding=\"async\" width=\"300\" height=\"200\" src=\"https:\/\/corece.org.br\/site\/wp-content\/uploads\/2026\/08\/387984e7-c928-47e5-9a30-e6f02bed4b52-300x200.jpg\" class=\"attachment-medium size-medium wp-image-35964\" alt=\"\" srcset=\"https:\/\/corece.org.br\/site\/wp-content\/uploads\/2026\/08\/387984e7-c928-47e5-9a30-e6f02bed4b52-300x200.jpg 300w, https:\/\/corece.org.br\/site\/wp-content\/uploads\/2026\/08\/387984e7-c928-47e5-9a30-e6f02bed4b52-1024x682.jpg 1024w, https:\/\/corece.org.br\/site\/wp-content\/uploads\/2026\/08\/387984e7-c928-47e5-9a30-e6f02bed4b52-768x512.jpg 768w, https:\/\/corece.org.br\/site\/wp-content\/uploads\/2026\/08\/387984e7-c928-47e5-9a30-e6f02bed4b52-1536x1023.jpg 1536w, https:\/\/corece.org.br\/site\/wp-content\/uploads\/2026\/08\/387984e7-c928-47e5-9a30-e6f02bed4b52.jpg 1600w\" sizes=\"(max-width: 300px) 100vw, 300px\" \/><\/div>\n\t\t<\/a>\n\t\t\t\t<div class=\"elementor-post__text\">\n\t\t\t\t<h3 class=\"elementor-post__title\">\n\t\t\t<a href=\"https:\/\/corece.org.br\/site\/presidente-do-core-ce-participa-de-solenidade-que-concede-titulo-de-cidadao-cearense-a-ranieri-leitao\/\" >\n\t\t\t\tPresidente do Core-CE participa de solenidade que concede T\u00edtulo de Cidad\u00e3o Cearense a Ranieri Leit\u00e3o\t\t\t<\/a>\n\t\t<\/h3>\n\t\t\t\t<div class=\"elementor-post__meta-data\">\n\t\t\t\t\t<span class=\"elementor-post-date\">\n\t\t\tagosto 7, 2026\t\t<\/span>\n\t\t\t\t<\/div>\n\t\t\t\t<div class=\"elementor-post__excerpt\">\n\t\t\t<p>Lu\u00eds Jos\u00e9 Souza representou o Conselho em sess\u00e3o solene da Assembleia Legislativa e destacou a import\u00e2ncia da homenagem a uma das principais lideran\u00e7as do setor automobil\u00edstico O presidente do Conselho Regional dos Representantes Comerciais no Estado do Cear\u00e1 (Core-CE), Lu\u00eds Jos\u00e9 Souza, participou da sess\u00e3o solene realizada pela Assembleia Legislativa<\/p>\n\t\t<\/div>\n\t\t\t\t\t<div class=\"elementor-post__read-more-wrapper\">\n\t\t\n\t\t<a class=\"elementor-post__read-more\" href=\"https:\/\/corece.org.br\/site\/presidente-do-core-ce-participa-de-solenidade-que-concede-titulo-de-cidadao-cearense-a-ranieri-leitao\/\" aria-label=\"Leia mais sobre Presidente do Core-CE participa de solenidade que concede T\u00edtulo de Cidad\u00e3o Cearense a Ranieri Leit\u00e3o\" tabindex=\"-1\" >\n\t\t\tLeia mais \u00bb\t\t<\/a>\n\n\t\t\t\t\t<\/div>\n\t\t\t\t<\/div>\n\t\t\t\t<\/article>\n\t\t\t\t<\/div>\n\t\t\n\t\t\t\t<div class=\"e-load-more-anchor\" data-page=\"1\" data-max-page=\"98\" data-next-page=\"https:\/\/corece.org.br\/site\/wp-json\/wp\/v2\/pages\/1317\/page\/2\/\"><\/div>\n\t\t\t\t<nav class=\"elementor-pagination\" aria-label=\"Pagina\u00e7\u00e3o\">\n\t\t\t<span class=\"page-numbers prev\">&laquo; Anterior<\/span>\n<span aria-current=\"page\" class=\"page-numbers current\"><span class=\"elementor-screen-only\">P\u00e1gina<\/span>1<\/span>\n<a class=\"page-numbers\" href=\"https:\/\/corece.org.br\/site\/wp-json\/wp\/v2\/pages\/1317\/page\/2\/\"><span class=\"elementor-screen-only\">P\u00e1gina<\/span>2<\/a>\n<a class=\"page-numbers\" href=\"https:\/\/corece.org.br\/site\/wp-json\/wp\/v2\/pages\/1317\/page\/3\/\"><span class=\"elementor-screen-only\">P\u00e1gina<\/span>3<\/a>\n<span class=\"page-numbers dots\">&hellip;<\/span>\n<a class=\"page-numbers\" href=\"https:\/\/corece.org.br\/site\/wp-json\/wp\/v2\/pages\/1317\/page\/98\/\"><span class=\"elementor-screen-only\">P\u00e1gina<\/span>98<\/a>\n<a class=\"page-numbers next\" href=\"https:\/\/corece.org.br\/site\/wp-json\/wp\/v2\/pages\/1317\/page\/2\/\">Seguinte &raquo;<\/a>\t\t<\/nav>\n\t\t\t\t\t\t<\/div>\n\t\t\t\t<\/div>\n\t\t\t\t\t<\/div>\n\t\t\t\t<\/div>\n\t\t\t\t<\/div>\n\t\t","protected":false},"excerpt":{"rendered":"<p>[rank_math_breadcrumb] Blog<\/p>\n","protected":false},"author":1,"featured_media":0,"parent":0,"menu_order":0,"comment_status":"closed","ping_status":"closed","template":"","meta":{"footnotes":""},"class_list":["post-1317","page","type-page","status-publish","hentry"],"_links":{"self":[{"href":"https:\/\/corece.org.br\/site\/wp-json\/wp\/v2\/pages\/1317","targetHints":{"allow":["GET"]}}],"collection":[{"href":"https:\/\/corece.org.br\/site\/wp-json\/wp\/v2\/pages"}],"about":[{"href":"https:\/\/corece.org.br\/site\/wp-json\/wp\/v2\/types\/page"}],"author":[{"embeddable":true,"href":"https:\/\/corece.org.br\/site\/wp-json\/wp\/v2\/users\/1"}],"replies":[{"embeddable":true,"href":"https:\/\/corece.org.br\/site\/wp-json\/wp\/v2\/comments?post=1317"}],"version-history":[{"count":28,"href":"https:\/\/corece.org.br\/site\/wp-json\/wp\/v2\/pages\/1317\/revisions"}],"predecessor-version":[{"id":31750,"href":"https:\/\/corece.org.br\/site\/wp-json\/wp\/v2\/pages\/1317\/revisions\/31750"}],"wp:attachment":[{"href":"https:\/\/corece.org.br\/site\/wp-json\/wp\/v2\/media?parent=1317"}],"curies":[{"name":"wp","href":"https:\/\/api.w.org\/{rel}","templated":true}]}}