{"id":1317,"date":"2024-02-23T17:01:47","date_gmt":"2024-02-23T20:01:47","guid":{"rendered":"https:\/\/corece.org.br\/site\/?page_id=1317"},"modified":"2024-05-14T16:46:39","modified_gmt":"2024-05-14T19:46:39","slug":"blog","status":"publish","type":"page","link":"https:\/\/corece.org.br\/site\/blog\/","title":{"rendered":"Blog"},"content":{"rendered":"\t\t<div data-elementor-type=\"wp-page\" data-elementor-id=\"1317\" class=\"elementor elementor-1317\" data-elementor-post-type=\"page\">\n\t\t\t\t<div class=\"elementor-element elementor-element-9302b46 e-flex e-con-boxed e-con e-parent\" data-id=\"9302b46\" data-element_type=\"container\" data-settings=\"{&quot;jet_parallax_layout_list&quot;:[]}\">\n\t\t\t\t\t<div class=\"e-con-inner\">\n\t\t\t\t<div class=\"elementor-element elementor-element-9d15270 elementor-widget elementor-widget-text-editor\" data-id=\"9d15270\" data-element_type=\"widget\" data-widget_type=\"text-editor.default\">\n\t\t\t\t<div class=\"elementor-widget-container\">\n\t\t\t<style>\/*! elementor - v3.21.0 - 08-05-2024 *\/\n.elementor-widget-text-editor.elementor-drop-cap-view-stacked .elementor-drop-cap{background-color:#69727d;color:#fff}.elementor-widget-text-editor.elementor-drop-cap-view-framed .elementor-drop-cap{color:#69727d;border:3px solid;background-color:transparent}.elementor-widget-text-editor:not(.elementor-drop-cap-view-default) .elementor-drop-cap{margin-top:8px}.elementor-widget-text-editor:not(.elementor-drop-cap-view-default) .elementor-drop-cap-letter{width:1em;height:1em}.elementor-widget-text-editor .elementor-drop-cap{float:left;text-align:center;line-height:1;font-size:50px}.elementor-widget-text-editor .elementor-drop-cap-letter{display:inline-block}<\/style>\t\t\t\t<nav aria-label=\"breadcrumbs\" class=\"rank-math-breadcrumb\"><p><span class=\"last\">Home<\/span><\/p><\/nav>\t\t\t\t\t\t<\/div>\n\t\t\t\t<\/div>\n\t\t\t\t<div class=\"elementor-element elementor-element-3038dc1 elementor-widget elementor-widget-heading\" data-id=\"3038dc1\" data-element_type=\"widget\" data-widget_type=\"heading.default\">\n\t\t\t\t<div class=\"elementor-widget-container\">\n\t\t\t<style>\/*! elementor - v3.21.0 - 08-05-2024 *\/\n.elementor-heading-title{padding:0;margin:0;line-height:1}.elementor-widget-heading .elementor-heading-title[class*=elementor-size-]>a{color:inherit;font-size:inherit;line-height:inherit}.elementor-widget-heading .elementor-heading-title.elementor-size-small{font-size:15px}.elementor-widget-heading .elementor-heading-title.elementor-size-medium{font-size:19px}.elementor-widget-heading .elementor-heading-title.elementor-size-large{font-size:29px}.elementor-widget-heading .elementor-heading-title.elementor-size-xl{font-size:39px}.elementor-widget-heading .elementor-heading-title.elementor-size-xxl{font-size:59px}<\/style><h2 class=\"elementor-heading-title elementor-size-default\">Blog<\/h2>\t\t<\/div>\n\t\t\t\t<\/div>\n\t\t\t\t<div class=\"elementor-element elementor-element-ed4bef9 elementor-grid-3 elementor-grid-tablet-2 elementor-grid-mobile-1 elementor-posts--thumbnail-top elementor-widget elementor-widget-posts\" data-id=\"ed4bef9\" data-element_type=\"widget\" data-settings=\"{&quot;pagination_type&quot;:&quot;numbers_and_prev_next&quot;,&quot;classic_columns&quot;:&quot;3&quot;,&quot;classic_columns_tablet&quot;:&quot;2&quot;,&quot;classic_columns_mobile&quot;:&quot;1&quot;,&quot;classic_row_gap&quot;:{&quot;unit&quot;:&quot;px&quot;,&quot;size&quot;:35,&quot;sizes&quot;:[]},&quot;classic_row_gap_tablet&quot;:{&quot;unit&quot;:&quot;px&quot;,&quot;size&quot;:&quot;&quot;,&quot;sizes&quot;:[]},&quot;classic_row_gap_mobile&quot;:{&quot;unit&quot;:&quot;px&quot;,&quot;size&quot;:&quot;&quot;,&quot;sizes&quot;:[]}}\" data-widget_type=\"posts.classic\">\n\t\t\t\t<div class=\"elementor-widget-container\">\n\t\t\t<link rel=\"stylesheet\" href=\"https:\/\/corece.org.br\/site\/wp-content\/plugins\/elementor-pro\/assets\/css\/widget-posts.min.css\">\t\t<div class=\"elementor-posts-container elementor-posts elementor-posts--skin-classic elementor-grid\">\n\t\t\t\t<article class=\"elementor-post elementor-grid-item post-35749 post type-post status-publish format-standard has-post-thumbnail hentry category-artigo category-informativo-core-ce category-noticias category-ofertas category-sem-categoria\">\n\t\t\t\t<a class=\"elementor-post__thumbnail__link\" href=\"https:\/\/corece.org.br\/site\/canais-de-atendimento-pensados-para-voce\/\" tabindex=\"-1\">\n\t\t\t<div class=\"elementor-post__thumbnail\"><img fetchpriority=\"high\" decoding=\"async\" width=\"218\" height=\"300\" src=\"https:\/\/corece.org.br\/site\/wp-content\/uploads\/2026\/04\/CAPA-1-218x300.jpg\" class=\"attachment-medium size-medium wp-image-35752\" alt=\"\" srcset=\"https:\/\/corece.org.br\/site\/wp-content\/uploads\/2026\/04\/CAPA-1-218x300.jpg 218w, https:\/\/corece.org.br\/site\/wp-content\/uploads\/2026\/04\/CAPA-1-743x1024.jpg 743w, https:\/\/corece.org.br\/site\/wp-content\/uploads\/2026\/04\/CAPA-1-768x1059.jpg 768w, https:\/\/corece.org.br\/site\/wp-content\/uploads\/2026\/04\/CAPA-1.jpg 1080w\" sizes=\"(max-width: 218px) 100vw, 218px\" \/><\/div>\n\t\t<\/a>\n\t\t\t\t<div class=\"elementor-post__text\">\n\t\t\t\t<h3 class=\"elementor-post__title\">\n\t\t\t<a href=\"https:\/\/corece.org.br\/site\/canais-de-atendimento-pensados-para-voce\/\">\n\t\t\t\tCanais de atendimento pensados para voc\u00ea\t\t\t<\/a>\n\t\t<\/h3>\n\t\t\t\t<div class=\"elementor-post__meta-data\">\n\t\t\t\t\t<span class=\"elementor-post-date\">\n\t\t\tabril 20, 2026\t\t<\/span>\n\t\t\t\t<\/div>\n\t\t\t\t<div class=\"elementor-post__excerpt\">\n\t\t\t<p>Com o compromisso de oferecer cada vez mais agilidade, efici\u00eancia e qualidade no atendimento aos Representantes Comerciais, disponibilizamos diferentes canais de contato, cada um direcionado a necessidades espec\u00edficas. A proposta \u00e9 garantir mais rapidez na solu\u00e7\u00e3o das demandas e uma comunica\u00e7\u00e3o mais assertiva. Escolha o canal ideal para o seu<\/p>\n\t\t<\/div>\n\t\t\t\t\t<div class=\"elementor-post__read-more-wrapper\">\n\t\t\n\t\t<a class=\"elementor-post__read-more\" href=\"https:\/\/corece.org.br\/site\/canais-de-atendimento-pensados-para-voce\/\" aria-label=\"Leia mais sobre Canais de atendimento pensados para voc\u00ea\" tabindex=\"-1\">\n\t\t\tLeia mais \u00bb\t\t<\/a>\n\n\t\t\t\t\t<\/div>\n\t\t\t\t<\/div>\n\t\t\t\t<\/article>\n\t\t\t\t<article class=\"elementor-post elementor-grid-item post-35716 post type-post status-publish format-standard has-post-thumbnail hentry category-artigo category-cartilhas category-informativo-core-ce category-eventos category-noticias category-ofertas\">\n\t\t\t\t<a class=\"elementor-post__thumbnail__link\" href=\"https:\/\/corece.org.br\/site\/core-ce-e-sebrae-ceara-promovem-palestra-gratuita-sobre-planejamento-de-vendas-em-fortaleza\/\" tabindex=\"-1\">\n\t\t\t<div class=\"elementor-post__thumbnail\"><img decoding=\"async\" width=\"240\" height=\"300\" src=\"https:\/\/corece.org.br\/site\/wp-content\/uploads\/2026\/04\/WhatsApp-Image-2026-04-06-at-13.42.21-240x300.jpeg\" class=\"attachment-medium size-medium wp-image-35717\" alt=\"\" srcset=\"https:\/\/corece.org.br\/site\/wp-content\/uploads\/2026\/04\/WhatsApp-Image-2026-04-06-at-13.42.21-240x300.jpeg 240w, https:\/\/corece.org.br\/site\/wp-content\/uploads\/2026\/04\/WhatsApp-Image-2026-04-06-at-13.42.21-819x1024.jpeg 819w, https:\/\/corece.org.br\/site\/wp-content\/uploads\/2026\/04\/WhatsApp-Image-2026-04-06-at-13.42.21-768x960.jpeg 768w, https:\/\/corece.org.br\/site\/wp-content\/uploads\/2026\/04\/WhatsApp-Image-2026-04-06-at-13.42.21.jpeg 1080w\" sizes=\"(max-width: 240px) 100vw, 240px\" \/><\/div>\n\t\t<\/a>\n\t\t\t\t<div class=\"elementor-post__text\">\n\t\t\t\t<h3 class=\"elementor-post__title\">\n\t\t\t<a href=\"https:\/\/corece.org.br\/site\/core-ce-e-sebrae-ceara-promovem-palestra-gratuita-sobre-planejamento-de-vendas-em-fortaleza\/\">\n\t\t\t\tPlanejamento de Vendas: palestra capacita representantes comerciais para defini\u00e7\u00e3o de metas e melhores resultados\t\t\t<\/a>\n\t\t<\/h3>\n\t\t\t\t<div class=\"elementor-post__meta-data\">\n\t\t\t\t\t<span class=\"elementor-post-date\">\n\t\t\tabril 9, 2026\t\t<\/span>\n\t\t\t\t<\/div>\n\t\t\t\t<div class=\"elementor-post__excerpt\">\n\t\t\t<p>Com o objetivo de fortalecer a atua\u00e7\u00e3o profissional dos representantes comerciais e contribuir para o aprimoramento de suas estrat\u00e9gias de vendas, o Conselho Regional dos Representantes Comerciais do Estado do Cear\u00e1 (Core-CE), em parceria com o Sebrae Cear\u00e1 e o Sirecom, promove a palestra \u201cPlanejamento de Vendas: Como Definir Metas<\/p>\n\t\t<\/div>\n\t\t\t\t\t<div class=\"elementor-post__read-more-wrapper\">\n\t\t\n\t\t<a class=\"elementor-post__read-more\" href=\"https:\/\/corece.org.br\/site\/core-ce-e-sebrae-ceara-promovem-palestra-gratuita-sobre-planejamento-de-vendas-em-fortaleza\/\" aria-label=\"Leia mais sobre Planejamento de Vendas: palestra capacita representantes comerciais para defini\u00e7\u00e3o de metas e melhores resultados\" tabindex=\"-1\">\n\t\t\tLeia mais \u00bb\t\t<\/a>\n\n\t\t\t\t\t<\/div>\n\t\t\t\t<\/div>\n\t\t\t\t<\/article>\n\t\t\t\t<article class=\"elementor-post elementor-grid-item post-35235 post type-post status-publish format-standard has-post-thumbnail hentry category-artigo category-informativo-core-ce category-eventos category-noticias category-ofertas\">\n\t\t\t\t<a class=\"elementor-post__thumbnail__link\" href=\"https:\/\/corece.org.br\/site\/core-ce-celebra-60-anos-reinaugura-sede-e-entrega-premio-mascate-de-ouro\/\" tabindex=\"-1\">\n\t\t\t<div class=\"elementor-post__thumbnail\"><img decoding=\"async\" width=\"300\" height=\"200\" src=\"https:\/\/corece.org.br\/site\/wp-content\/uploads\/2026\/03\/DSC_4544-300x200.jpg\" class=\"attachment-medium size-medium wp-image-35237\" alt=\"\" srcset=\"https:\/\/corece.org.br\/site\/wp-content\/uploads\/2026\/03\/DSC_4544-300x200.jpg 300w, https:\/\/corece.org.br\/site\/wp-content\/uploads\/2026\/03\/DSC_4544-1024x683.jpg 1024w, https:\/\/corece.org.br\/site\/wp-content\/uploads\/2026\/03\/DSC_4544-768x512.jpg 768w, https:\/\/corece.org.br\/site\/wp-content\/uploads\/2026\/03\/DSC_4544-1536x1024.jpg 1536w, https:\/\/corece.org.br\/site\/wp-content\/uploads\/2026\/03\/DSC_4544-2048x1365.jpg 2048w\" sizes=\"(max-width: 300px) 100vw, 300px\" \/><\/div>\n\t\t<\/a>\n\t\t\t\t<div class=\"elementor-post__text\">\n\t\t\t\t<h3 class=\"elementor-post__title\">\n\t\t\t<a href=\"https:\/\/corece.org.br\/site\/core-ce-celebra-60-anos-reinaugura-sede-e-entrega-premio-mascate-de-ouro\/\">\n\t\t\t\tCore-CE celebra 60 anos, reinaugura sede e entrega Pr\u00eamio Mascate de Ouro\t\t\t<\/a>\n\t\t<\/h3>\n\t\t\t\t<div class=\"elementor-post__meta-data\">\n\t\t\t\t\t<span class=\"elementor-post-date\">\n\t\t\tmar\u00e7o 10, 2026\t\t<\/span>\n\t\t\t\t<\/div>\n\t\t\t\t<div class=\"elementor-post__excerpt\">\n\t\t\t<p>O Conselho Regional dos Representantes Comerciais no Estado do Cear\u00e1 (Core-CE) realizou, na \u00faltima sexta-feira, uma solenidade especial em comemora\u00e7\u00e3o aos 60 anos de funda\u00e7\u00e3o da institui\u00e7\u00e3o, marcada pela reinaugura\u00e7\u00e3o da sede do Conselho e pela entrega do Pr\u00eamio Mascate de Ouro a representantes comerciais que contribu\u00edram para o fortalecimento<\/p>\n\t\t<\/div>\n\t\t\t\t\t<div class=\"elementor-post__read-more-wrapper\">\n\t\t\n\t\t<a class=\"elementor-post__read-more\" href=\"https:\/\/corece.org.br\/site\/core-ce-celebra-60-anos-reinaugura-sede-e-entrega-premio-mascate-de-ouro\/\" aria-label=\"Leia mais sobre Core-CE celebra 60 anos, reinaugura sede e entrega Pr\u00eamio Mascate de Ouro\" tabindex=\"-1\">\n\t\t\tLeia mais \u00bb\t\t<\/a>\n\n\t\t\t\t\t<\/div>\n\t\t\t\t<\/div>\n\t\t\t\t<\/article>\n\t\t\t\t<article class=\"elementor-post elementor-grid-item post-35725 post type-post status-publish format-standard has-post-thumbnail hentry category-artigo category-cartilhas category-informativo-core-ce category-eventos category-noticias category-ofertas\">\n\t\t\t\t<a class=\"elementor-post__thumbnail__link\" href=\"https:\/\/corece.org.br\/site\/core-ce-abre-prazo-para-pagamento-da-anuidade-2026-com-desconto-de-ate-10\/\" tabindex=\"-1\">\n\t\t\t<div class=\"elementor-post__thumbnail\"><img loading=\"lazy\" decoding=\"async\" width=\"258\" height=\"300\" src=\"https:\/\/corece.org.br\/site\/wp-content\/uploads\/2026\/04\/WhatsApp-Image-2026-04-10-at-10.10.14-258x300.jpeg\" class=\"attachment-medium size-medium wp-image-35726\" alt=\"\" srcset=\"https:\/\/corece.org.br\/site\/wp-content\/uploads\/2026\/04\/WhatsApp-Image-2026-04-10-at-10.10.14-258x300.jpeg 258w, https:\/\/corece.org.br\/site\/wp-content\/uploads\/2026\/04\/WhatsApp-Image-2026-04-10-at-10.10.14.jpeg 679w\" sizes=\"(max-width: 258px) 100vw, 258px\" \/><\/div>\n\t\t<\/a>\n\t\t\t\t<div class=\"elementor-post__text\">\n\t\t\t\t<h3 class=\"elementor-post__title\">\n\t\t\t<a href=\"https:\/\/corece.org.br\/site\/core-ce-abre-prazo-para-pagamento-da-anuidade-2026-com-desconto-de-ate-10\/\">\n\t\t\t\tCore-CE abre prazo para pagamento da anuidade 2026 com desconto de at\u00e9 10%\t\t\t<\/a>\n\t\t<\/h3>\n\t\t\t\t<div class=\"elementor-post__meta-data\">\n\t\t\t\t\t<span class=\"elementor-post-date\">\n\t\t\tmar\u00e7o 10, 2026\t\t<\/span>\n\t\t\t\t<\/div>\n\t\t\t\t<div class=\"elementor-post__excerpt\">\n\t\t\t<p>O Core-CE iniciou o per\u00edodo de pagamento da anuidade 2026 para os representantes comerciais do estado, oferecendo condi\u00e7\u00f5es especiais para quem deseja manter a regularidade profissional. Os profissionais que realizarem o pagamento at\u00e9 o dia 31 de mar\u00e7o garantem 10% de desconto no valor total da anuidade. A iniciativa busca<\/p>\n\t\t<\/div>\n\t\t\t\t\t<div class=\"elementor-post__read-more-wrapper\">\n\t\t\n\t\t<a class=\"elementor-post__read-more\" href=\"https:\/\/corece.org.br\/site\/core-ce-abre-prazo-para-pagamento-da-anuidade-2026-com-desconto-de-ate-10\/\" aria-label=\"Leia mais sobre Core-CE abre prazo para pagamento da anuidade 2026 com desconto de at\u00e9 10%\" tabindex=\"-1\">\n\t\t\tLeia mais \u00bb\t\t<\/a>\n\n\t\t\t\t\t<\/div>\n\t\t\t\t<\/div>\n\t\t\t\t<\/article>\n\t\t\t\t<article class=\"elementor-post elementor-grid-item post-35228 post type-post status-publish format-standard has-post-thumbnail hentry category-artigo category-informativo-core-ce category-noticias category-ofertas category-uncategorized\">\n\t\t\t\t<a class=\"elementor-post__thumbnail__link\" href=\"https:\/\/corece.org.br\/site\/core-ceara-promove-capacitacao-gratuita-em-marketing-digital-para-representantes-comerciais\/\" tabindex=\"-1\">\n\t\t\t<div class=\"elementor-post__thumbnail\"><img loading=\"lazy\" decoding=\"async\" width=\"300\" height=\"113\" src=\"https:\/\/corece.org.br\/site\/wp-content\/uploads\/2026\/02\/BANNER-SITE-2026-300x113.png\" class=\"attachment-medium size-medium wp-image-35221\" alt=\"\" srcset=\"https:\/\/corece.org.br\/site\/wp-content\/uploads\/2026\/02\/BANNER-SITE-2026-300x113.png 300w, https:\/\/corece.org.br\/site\/wp-content\/uploads\/2026\/02\/BANNER-SITE-2026-1024x384.png 1024w, https:\/\/corece.org.br\/site\/wp-content\/uploads\/2026\/02\/BANNER-SITE-2026-768x288.png 768w, https:\/\/corece.org.br\/site\/wp-content\/uploads\/2026\/02\/BANNER-SITE-2026.png 1216w\" sizes=\"(max-width: 300px) 100vw, 300px\" \/><\/div>\n\t\t<\/a>\n\t\t\t\t<div class=\"elementor-post__text\">\n\t\t\t\t<h3 class=\"elementor-post__title\">\n\t\t\t<a href=\"https:\/\/corece.org.br\/site\/core-ceara-promove-capacitacao-gratuita-em-marketing-digital-para-representantes-comerciais\/\">\n\t\t\t\tCore Cear\u00e1 promove capacita\u00e7\u00e3o gratuita em Marketing Digital para Representantes Comerciais\t\t\t<\/a>\n\t\t<\/h3>\n\t\t\t\t<div class=\"elementor-post__meta-data\">\n\t\t\t\t\t<span class=\"elementor-post-date\">\n\t\t\tfevereiro 25, 2026\t\t<\/span>\n\t\t\t\t<\/div>\n\t\t\t\t<div class=\"elementor-post__excerpt\">\n\t\t\t<p>O Conselho Regional dos Representantes Comerciais no Estado do Cear\u00e1 (Core-CE), em parceria com o Sebrae Cear\u00e1, realiza nesta quinta-feira, 26 de fevereiro de 2026, a capacita\u00e7\u00e3o gratuita \u201cEstrat\u00e9gias de Marketing Digital para Aumentar Vendas\u201d, voltada especialmente para Representantes Comerciais que desejam ampliar seus resultados no ambiente digital. O encontro<\/p>\n\t\t<\/div>\n\t\t\t\t\t<div class=\"elementor-post__read-more-wrapper\">\n\t\t\n\t\t<a class=\"elementor-post__read-more\" href=\"https:\/\/corece.org.br\/site\/core-ceara-promove-capacitacao-gratuita-em-marketing-digital-para-representantes-comerciais\/\" aria-label=\"Leia mais sobre Core Cear\u00e1 promove capacita\u00e7\u00e3o gratuita em Marketing Digital para Representantes Comerciais\" tabindex=\"-1\">\n\t\t\tLeia mais \u00bb\t\t<\/a>\n\n\t\t\t\t\t<\/div>\n\t\t\t\t<\/div>\n\t\t\t\t<\/article>\n\t\t\t\t<article class=\"elementor-post elementor-grid-item post-35224 post type-post status-publish format-standard has-post-thumbnail hentry category-artigo category-informativo-core-ce category-eventos category-noticias\">\n\t\t\t\t<a class=\"elementor-post__thumbnail__link\" href=\"https:\/\/corece.org.br\/site\/alece-realiza-sessao-solene-em-homenagem-ao-dia-estadual-do-representante-comercial\/\" tabindex=\"-1\">\n\t\t\t<div class=\"elementor-post__thumbnail\"><img loading=\"lazy\" decoding=\"async\" width=\"240\" height=\"300\" src=\"https:\/\/corece.org.br\/site\/wp-content\/uploads\/2026\/02\/whatsapp_2jpg-1-240x300.jpeg\" class=\"attachment-medium size-medium wp-image-35226\" alt=\"\" srcset=\"https:\/\/corece.org.br\/site\/wp-content\/uploads\/2026\/02\/whatsapp_2jpg-1-240x300.jpeg 240w, https:\/\/corece.org.br\/site\/wp-content\/uploads\/2026\/02\/whatsapp_2jpg-1-819x1024.jpeg 819w, https:\/\/corece.org.br\/site\/wp-content\/uploads\/2026\/02\/whatsapp_2jpg-1-768x960.jpeg 768w, https:\/\/corece.org.br\/site\/wp-content\/uploads\/2026\/02\/whatsapp_2jpg-1.jpeg 1080w\" sizes=\"(max-width: 240px) 100vw, 240px\" \/><\/div>\n\t\t<\/a>\n\t\t\t\t<div class=\"elementor-post__text\">\n\t\t\t\t<h3 class=\"elementor-post__title\">\n\t\t\t<a href=\"https:\/\/corece.org.br\/site\/alece-realiza-sessao-solene-em-homenagem-ao-dia-estadual-do-representante-comercial\/\">\n\t\t\t\tALECE realiza Sess\u00e3o Solene em homenagem ao Dia Estadual do Representante Comercial\t\t\t<\/a>\n\t\t<\/h3>\n\t\t\t\t<div class=\"elementor-post__meta-data\">\n\t\t\t\t\t<span class=\"elementor-post-date\">\n\t\t\tfevereiro 24, 2026\t\t<\/span>\n\t\t\t\t<\/div>\n\t\t\t\t<div class=\"elementor-post__excerpt\">\n\t\t\t<p>A Assembleia Legislativa do Estado do Cear\u00e1 (ALECE) realiza nesta quarta-feira, 25 de fevereiro de 2026, \u00e0s 17h, Sess\u00e3o Solene em homenagem ao Dia Estadual do Representante Comercial. A cerim\u00f4nia acontecer\u00e1 no Plen\u00e1rio 13 de Maio, em Fortaleza, reunindo autoridades, lideran\u00e7as institucionais e profissionais da categoria. A solenidade tem como<\/p>\n\t\t<\/div>\n\t\t\t\t\t<div class=\"elementor-post__read-more-wrapper\">\n\t\t\n\t\t<a class=\"elementor-post__read-more\" href=\"https:\/\/corece.org.br\/site\/alece-realiza-sessao-solene-em-homenagem-ao-dia-estadual-do-representante-comercial\/\" aria-label=\"Leia mais sobre ALECE realiza Sess\u00e3o Solene em homenagem ao Dia Estadual do Representante Comercial\" tabindex=\"-1\">\n\t\t\tLeia mais \u00bb\t\t<\/a>\n\n\t\t\t\t\t<\/div>\n\t\t\t\t<\/div>\n\t\t\t\t<\/article>\n\t\t\t\t<\/div>\n\t\t\n\t\t\t\t<div class=\"e-load-more-anchor\" data-page=\"1\" data-max-page=\"94\" data-next-page=\"https:\/\/corece.org.br\/site\/wp-json\/wp\/v2\/pages\/1317\/page\/2\/\"><\/div>\n\t\t\t\t<nav class=\"elementor-pagination\" aria-label=\"Pagina\u00e7\u00e3o\">\n\t\t\t<span class=\"page-numbers prev\">&laquo; Anterior<\/span>\n<span aria-current=\"page\" class=\"page-numbers current\"><span class=\"elementor-screen-only\">P\u00e1gina<\/span>1<\/span>\n<a class=\"page-numbers\" href=\"https:\/\/corece.org.br\/site\/wp-json\/wp\/v2\/pages\/1317\/page\/2\/\"><span class=\"elementor-screen-only\">P\u00e1gina<\/span>2<\/a>\n<a class=\"page-numbers\" href=\"https:\/\/corece.org.br\/site\/wp-json\/wp\/v2\/pages\/1317\/page\/3\/\"><span class=\"elementor-screen-only\">P\u00e1gina<\/span>3<\/a>\n<span class=\"page-numbers dots\">&hellip;<\/span>\n<a class=\"page-numbers\" href=\"https:\/\/corece.org.br\/site\/wp-json\/wp\/v2\/pages\/1317\/page\/94\/\"><span class=\"elementor-screen-only\">P\u00e1gina<\/span>94<\/a>\n<a class=\"page-numbers next\" href=\"https:\/\/corece.org.br\/site\/wp-json\/wp\/v2\/pages\/1317\/page\/2\/\">Seguinte &raquo;<\/a>\t\t<\/nav>\n\t\t\t\t<\/div>\n\t\t\t\t<\/div>\n\t\t\t\t\t<\/div>\n\t\t\t\t<\/div>\n\t\t\t\t<\/div>\n\t\t","protected":false},"excerpt":{"rendered":"<p>Blog<\/p>\n","protected":false},"author":1,"featured_media":0,"parent":0,"menu_order":0,"comment_status":"closed","ping_status":"closed","template":"","meta":{"footnotes":""},"class_list":["post-1317","page","type-page","status-publish","hentry"],"_links":{"self":[{"href":"https:\/\/corece.org.br\/site\/wp-json\/wp\/v2\/pages\/1317","targetHints":{"allow":["GET"]}}],"collection":[{"href":"https:\/\/corece.org.br\/site\/wp-json\/wp\/v2\/pages"}],"about":[{"href":"https:\/\/corece.org.br\/site\/wp-json\/wp\/v2\/types\/page"}],"author":[{"embeddable":true,"href":"https:\/\/corece.org.br\/site\/wp-json\/wp\/v2\/users\/1"}],"replies":[{"embeddable":true,"href":"https:\/\/corece.org.br\/site\/wp-json\/wp\/v2\/comments?post=1317"}],"version-history":[{"count":28,"href":"https:\/\/corece.org.br\/site\/wp-json\/wp\/v2\/pages\/1317\/revisions"}],"predecessor-version":[{"id":31750,"href":"https:\/\/corece.org.br\/site\/wp-json\/wp\/v2\/pages\/1317\/revisions\/31750"}],"wp:attachment":[{"href":"https:\/\/corece.org.br\/site\/wp-json\/wp\/v2\/media?parent=1317"}],"curies":[{"name":"wp","href":"https:\/\/api.w.org\/{rel}","templated":true}]}}